{"id":108,"date":"2024-07-11T00:27:53","date_gmt":"2024-07-10T22:27:53","guid":{"rendered":"https:\/\/maison-marguerites.fr\/?page_id=108"},"modified":"2026-01-23T16:20:55","modified_gmt":"2026-01-23T15:20:55","slug":"tarifs-salles-de-reunion","status":"publish","type":"page","link":"https:\/\/www.lemasmarguerite.fr\/index.php\/tarifs-salles-de-reunion\/","title":{"rendered":"Salles de r\u00e9union"},"content":{"rendered":"<p>[et_pb_section fb_built=\u00a0\u00bb1&Prime; admin_label=\u00a0\u00bbHeader\u00a0\u00bb _builder_version=\u00a0\u00bb4.27.0&Prime; _module_preset=\u00a0\u00bbdefault\u00a0\u00bb use_background_color_gradient=\u00a0\u00bbon\u00a0\u00bb background_color_gradient_stops=\u00a0\u00bbrgba(0,0,0,0.24) 24%|rgba(0,0,0,0.88) 100%\u00a0\u00bb background_color_gradient_overlays_image=\u00a0\u00bbon\u00a0\u00bb background_image=\u00a0\u00bbhttps:\/\/www.lemasmarguerite.fr\/wp-content\/uploads\/2024\/09\/Mas-marguerite-coworking.jpg\u00a0\u00bb custom_padding=\u00a0\u00bb10%||||false|false\u00a0\u00bb collapsed=\u00a0\u00bbon\u00a0\u00bb global_colors_info=\u00a0\u00bb{}\u00a0\u00bb][et_pb_row column_structure=\u00a0\u00bb3_5,2_5&Prime; _builder_version=\u00a0\u00bb4.17.4&Prime; _module_preset=\u00a0\u00bbdefault\u00a0\u00bb global_colors_info=\u00a0\u00bb{}\u00a0\u00bb][et_pb_column type=\u00a0\u00bb3_5&Prime; _builder_version=\u00a0\u00bb4.17.4&Prime; _module_preset=\u00a0\u00bbdefault\u00a0\u00bb global_colors_info=\u00a0\u00bb{}\u00a0\u00bb][et_pb_text _builder_version=\u00a0\u00bb4.17.4&Prime; _module_preset=\u00a0\u00bbc16985e1-e0d6-4022-964d-e2bfc04fa633&Prime; header_font=\u00a0\u00bbAnton|||on|||||\u00a0\u00bb header_text_color=\u00a0\u00bb#FFFFFF\u00a0\u00bb header_font_size=\u00a0\u00bb100px\u00a0\u00bb header_line_height=\u00a0\u00bb1.15em\u00a0\u00bb header_font_size_tablet=\u00a0\u00bb40px\u00a0\u00bb header_font_size_phone=\u00a0\u00bb24px\u00a0\u00bb header_font_size_last_edited=\u00a0\u00bbon|desktop\u00a0\u00bb global_colors_info=\u00a0\u00bb{}\u00a0\u00bb]<\/p>\n<h1>TARIFS<br \/>salles de r\u00e9union\u00a0<\/h1>\n<p>[\/et_pb_text][\/et_pb_column][et_pb_column type=\u00a0\u00bb2_5&Prime; _builder_version=\u00a0\u00bb4.17.4&Prime; _module_preset=\u00a0\u00bbdefault\u00a0\u00bb global_colors_info=\u00a0\u00bb{}\u00a0\u00bb][et_pb_text _builder_version=\u00a0\u00bb4.17.4&Prime; _module_preset=\u00a0\u00bb518880c8-46c7-4ffa-b5a6-93ffa99dcc17&Prime; text_font=\u00a0\u00bbRaleway|600|||||||\u00a0\u00bb text_text_color=\u00a0\u00bb#FFFFFF\u00a0\u00bb text_font_size=\u00a0\u00bb18px\u00a0\u00bb text_line_height=\u00a0\u00bb1.65em\u00a0\u00bb text_font_size_tablet=\u00a0\u00bb16px\u00a0\u00bb text_font_size_phone=\u00a0\u00bb14px\u00a0\u00bb text_font_size_last_edited=\u00a0\u00bbon|phone\u00a0\u00bb global_colors_info=\u00a0\u00bb{}\u00a0\u00bb]<\/p>\n<p><strong>Chez Marguerite, on aime faire des brainstormings ! Si vous \u00eates \u00e0 la recherche d\u2019une salle de r\u00e9union pour vos \u00e9quipes, vos pr\u00e9sentations, vos assembl\u00e9es g\u00e9n\u00e9rales ou vos formations, nous mettons \u00e0 disposition nos deux salles de r\u00e9union, toutes \u00e9quip\u00e9es et pr\u00eates \u00e0 vous recevoir.<\/strong><\/p>\n<p>[\/et_pb_text][et_pb_button button_url=\u00a0\u00bbhttps:\/\/www.lemasmarguerite.fr\/index.php\/contact\/\u00a0\u00bb button_text=\u00a0\u00bbRESERVEZ VOTRE SALLE\u00a0\u00bb _builder_version=\u00a0\u00bb4.27.0&Prime; _module_preset=\u00a0\u00bbd7cc993b-624e-47b8-a946-9ba15a6cb780&Prime; custom_button=\u00a0\u00bbon\u00a0\u00bb button_text_size=\u00a0\u00bb10px\u00a0\u00bb button_text_color=\u00a0\u00bb#FFFFFF\u00a0\u00bb button_bg_color=\u00a0\u00bbRGBA(255,255,255,0)\u00a0\u00bb button_border_color=\u00a0\u00bb#FFFFFF\u00a0\u00bb button_border_radius=\u00a0\u00bb0px\u00a0\u00bb button_letter_spacing=\u00a0\u00bb0.3em\u00a0\u00bb button_font=\u00a0\u00bbOpen Sans|700||on|||||\u00a0\u00bb custom_padding=\u00a0\u00bb16px|24px|16px|24px|true|true\u00a0\u00bb global_colors_info=\u00a0\u00bb{}\u00a0\u00bb][\/et_pb_button][\/et_pb_column][\/et_pb_row][\/et_pb_section][et_pb_section fb_built=\u00a0\u00bb1&Prime; admin_label=\u00a0\u00bbFeature\u00a0\u00bb _builder_version=\u00a0\u00bb4.27.0&Prime; _module_preset=\u00a0\u00bbdefault\u00a0\u00bb background_color=\u00a0\u00bb#FFFFFF\u00a0\u00bb collapsed=\u00a0\u00bbon\u00a0\u00bb global_colors_info=\u00a0\u00bb{}\u00a0\u00bb][et_pb_row _builder_version=\u00a0\u00bb4.26.0&Prime; _module_preset=\u00a0\u00bbdefault\u00a0\u00bb global_colors_info=\u00a0\u00bb{}\u00a0\u00bb][et_pb_column type=\u00a0\u00bb4_4&Prime; _builder_version=\u00a0\u00bb4.26.0&Prime; _module_preset=\u00a0\u00bbdefault\u00a0\u00bb global_colors_info=\u00a0\u00bb{}\u00a0\u00bb][et_pb_text _builder_version=\u00a0\u00bb4.27.0&Prime; _module_preset=\u00a0\u00bbb327cbe4-b1d5-4b66-ad37-40c8f2f061ba\u00a0\u00bb header_text_color=\u00a0\u00bb#000000&Prime; header_2_font=\u00a0\u00bbAnton|||on|||||\u00a0\u00bb header_2_text_color=\u00a0\u00bb#000000&Prime; header_2_font_size=\u00a0\u00bb70px\u00a0\u00bb header_2_line_height=\u00a0\u00bb1.15em\u00a0\u00bb header_2_font_size_tablet=\u00a0\u00bb32px\u00a0\u00bb header_2_font_size_phone=\u00a0\u00bb20px\u00a0\u00bb header_2_font_size_last_edited=\u00a0\u00bbon|phone\u00a0\u00bb global_colors_info=\u00a0\u00bb{}\u00a0\u00bb]<\/p>\n<h2 style=\"text-align: center;\">Tarifs SALLE BALZAC <br \/>(6-8 PersONNES)\u00a0<\/h2>\n<p>[\/et_pb_text][et_pb_text _builder_version=\u00a0\u00bb4.27.0&Prime; _module_preset=\u00a0\u00bb1f09816e-184e-4ce5-a4cf-b39c52c423ca\u00a0\u00bb text_font=\u00a0\u00bbRaleway|500|||||||\u00a0\u00bb text_text_color=\u00a0\u00bb#0D291F\u00a0\u00bb text_font_size=\u00a0\u00bb17px\u00a0\u00bb text_line_height=\u00a0\u00bb1.75em\u00a0\u00bb text_font_size_tablet=\u00a0\u00bb15px\u00a0\u00bb text_font_size_phone=\u00a0\u00bb14px\u00a0\u00bb text_font_size_last_edited=\u00a0\u00bbon|phone\u00a0\u00bb header_font_size_tablet=\u00a0\u00bb55px\u00a0\u00bb header_font_size_last_edited=\u00a0\u00bboff|desktop\u00a0\u00bb global_colors_info=\u00a0\u00bb{}\u00a0\u00bb]<\/p>\n<p style=\"text-align: center;\">*La salle Balzac est adapt\u00e9e pour les r\u00e9unions de 6-8 personnes. Elle est \u00e9quip\u00e9e d&rsquo;un vid\u00e9o projecteur si besoin.<\/p>\n<p>[\/et_pb_text][\/et_pb_column][\/et_pb_row][et_pb_row column_structure=\u00a0\u00bb1_2,1_2&Prime; _builder_version=\u00a0\u00bb4.26.0&Prime; _module_preset=\u00a0\u00bbdefault\u00a0\u00bb custom_padding=\u00a0\u00bb1px|||||\u00a0\u00bb global_colors_info=\u00a0\u00bb{}\u00a0\u00bb][et_pb_column type=\u00a0\u00bb1_2&Prime; _builder_version=\u00a0\u00bb4.26.0&Prime; _module_preset=\u00a0\u00bbdefault\u00a0\u00bb global_colors_info=\u00a0\u00bb{}\u00a0\u00bb][et_pb_pricing_tables featured_table_background_color=\u00a0\u00bbRGBA(255,255,255,0)\u00a0\u00bb featured_table_header_background_color=\u00a0\u00bbRGBA(255,255,255,0)\u00a0\u00bb header_background_color=\u00a0\u00bb#282828&Prime; featured_table_bullet_color=\u00a0\u00bb#000000&Prime; bullet_color=\u00a0\u00bb#000000&Prime; _builder_version=\u00a0\u00bb4.27.0&Prime; _module_preset=\u00a0\u00bbdefault\u00a0\u00bb price_text_color=\u00a0\u00bb#282828&Prime; header_font=\u00a0\u00bbAbril Fatface||||||||\u00a0\u00bb body_font=\u00a0\u00bbABeeZee||||||||\u00a0\u00bb body_text_align=\u00a0\u00bbcenter\u00a0\u00bb body_line_height=\u00a0\u00bb1em\u00a0\u00bb price_font=\u00a0\u00bbAbril Fatface||||||||\u00a0\u00bb global_colors_info=\u00a0\u00bb{}\u00a0\u00bb][et_pb_pricing_table title=\u00a0\u00bb1\/2 Journ\u00e9e\u00a0\u00bb subtitle=\u00a0\u00bbLun-Ven \/ 9h00 &#8211; 13h00 ou 14h &#8211; 18h\u00a0\u00bb currency=\u00a0\u00bbA partir de\u00a0\u00bb per=\u00a0\u00bbHT\u00a0\u00bb sum=\u00a0\u00bb90\u20ac\u00a0\u00bb _builder_version=\u00a0\u00bb4.27.0&Prime; _module_preset=\u00a0\u00bbdefault\u00a0\u00bb currency_frequency_font_size=\u00a0\u00bb14px\u00a0\u00bb global_colors_info=\u00a0\u00bb{}\u00a0\u00bb sticky_transition=\u00a0\u00bbon\u00a0\u00bb]<\/p>\n<p>Parking gratuit<\/p>\n<p>+ Caf\u00e9\/Th\u00e9 gratuit<\/p>\n<p>+ Internet Fibre<\/p>\n<p>Location le week-end sur demande<\/p>\n<p>[\/et_pb_pricing_table][\/et_pb_pricing_tables][\/et_pb_column][et_pb_column type=\u00a0\u00bb1_2&Prime; _builder_version=\u00a0\u00bb4.26.0&Prime; _module_preset=\u00a0\u00bbdefault\u00a0\u00bb global_colors_info=\u00a0\u00bb{}\u00a0\u00bb][et_pb_pricing_tables featured_table_background_color=\u00a0\u00bbRGBA(255,255,255,0)\u00a0\u00bb featured_table_header_background_color=\u00a0\u00bbRGBA(255,255,255,0)\u00a0\u00bb header_background_color=\u00a0\u00bb#282828&Prime; featured_table_bullet_color=\u00a0\u00bb#000000&Prime; bullet_color=\u00a0\u00bb#000000&Prime; _builder_version=\u00a0\u00bb4.27.0&Prime; _module_preset=\u00a0\u00bbdefault\u00a0\u00bb price_text_color=\u00a0\u00bb#282828&Prime; header_font=\u00a0\u00bbAbril Fatface||||||||\u00a0\u00bb body_font=\u00a0\u00bbABeeZee||||||||\u00a0\u00bb body_text_align=\u00a0\u00bbcenter\u00a0\u00bb body_line_height=\u00a0\u00bb1em\u00a0\u00bb price_font=\u00a0\u00bbAbril Fatface||||||||\u00a0\u00bb global_colors_info=\u00a0\u00bb{}\u00a0\u00bb][et_pb_pricing_table title=\u00a0\u00bbJourn\u00e9e\u00a0\u00bb subtitle=\u00a0\u00bbLun-Ven \/ 9h00 &#8211; 18h00&Prime; currency=\u00a0\u00bbA partir de\u00a0\u00bb per=\u00a0\u00bbHT\u00a0\u00bb sum=\u00a0\u00bb150\u20ac\u00a0\u00bb _builder_version=\u00a0\u00bb4.27.0&Prime; _module_preset=\u00a0\u00bbdefault\u00a0\u00bb currency_frequency_font_size=\u00a0\u00bb14px\u00a0\u00bb global_colors_info=\u00a0\u00bb{}\u00a0\u00bb sticky_transition=\u00a0\u00bbon\u00a0\u00bb]<\/p>\n<p>Parking gratuit<\/p>\n<p>+ Caf\u00e9\/Th\u00e9 gratuit<\/p>\n<p>+ Internet Fibre<\/p>\n<p>Location le week-end sur demande<\/p>\n<p>[\/et_pb_pricing_table][\/et_pb_pricing_tables][\/et_pb_column][\/et_pb_row][et_pb_row _builder_version=\u00a0\u00bb4.27.0&Prime; _module_preset=\u00a0\u00bbdefault\u00a0\u00bb global_colors_info=\u00a0\u00bb{}\u00a0\u00bb][et_pb_column type=\u00a0\u00bb4_4&Prime; _builder_version=\u00a0\u00bb4.26.0&Prime; _module_preset=\u00a0\u00bbdefault\u00a0\u00bb global_colors_info=\u00a0\u00bb{}\u00a0\u00bb][et_pb_text _builder_version=\u00a0\u00bb4.26.0&Prime; _module_preset=\u00a0\u00bbb327cbe4-b1d5-4b66-ad37-40c8f2f061ba\u00a0\u00bb header_2_font=\u00a0\u00bbAnton|||on|||||\u00a0\u00bb header_2_text_color=\u00a0\u00bb#0d232d\u00a0\u00bb header_2_font_size=\u00a0\u00bb70px\u00a0\u00bb header_2_line_height=\u00a0\u00bb1.15em\u00a0\u00bb header_2_font_size_tablet=\u00a0\u00bb32px\u00a0\u00bb header_2_font_size_phone=\u00a0\u00bb20px\u00a0\u00bb header_2_font_size_last_edited=\u00a0\u00bbon|phone\u00a0\u00bb global_colors_info=\u00a0\u00bb{}\u00a0\u00bb]<\/p>\n<h2 style=\"text-align: center;\"><span style=\"color: #000000;\">Tarifs SALLE BAUDELAIRE<\/span><\/h2>\n<h2 style=\"text-align: center;\"><span style=\"color: #000000;\">(10-20 PersONNES)<\/span>\u00a0<\/h2>\n<p>[\/et_pb_text][et_pb_text _builder_version=\u00a0\u00bb4.27.0&Prime; _module_preset=\u00a0\u00bb1f09816e-184e-4ce5-a4cf-b39c52c423ca\u00a0\u00bb text_font=\u00a0\u00bbRaleway|500|||||||\u00a0\u00bb text_text_color=\u00a0\u00bb#0D291F\u00a0\u00bb text_font_size=\u00a0\u00bb17px\u00a0\u00bb text_line_height=\u00a0\u00bb1.75em\u00a0\u00bb text_font_size_tablet=\u00a0\u00bb15px\u00a0\u00bb text_font_size_phone=\u00a0\u00bb14px\u00a0\u00bb text_font_size_last_edited=\u00a0\u00bbon|phone\u00a0\u00bb header_font_size_tablet=\u00a0\u00bb55px\u00a0\u00bb header_font_size_last_edited=\u00a0\u00bboff|desktop\u00a0\u00bb global_colors_info=\u00a0\u00bb{}\u00a0\u00bb]<\/p>\n<p style=\"text-align: center;\">*La salle Baudelaire est adapt\u00e9e pour les r\u00e9unions de 10-20 personnes. Elle est \u00e9quip\u00e9e d&rsquo;un \u00e9cran QLED et d&rsquo;un vid\u00e9o projecteur mural pour projeter toutes vos pr\u00e9sentations.<\/p>\n<p>[\/et_pb_text][\/et_pb_column][\/et_pb_row][et_pb_row column_structure=\u00a0\u00bb1_2,1_2&Prime; _builder_version=\u00a0\u00bb4.26.0&Prime; _module_preset=\u00a0\u00bbdefault\u00a0\u00bb custom_padding=\u00a0\u00bb1px|||||\u00a0\u00bb global_colors_info=\u00a0\u00bb{}\u00a0\u00bb][et_pb_column type=\u00a0\u00bb1_2&Prime; _builder_version=\u00a0\u00bb4.26.0&Prime; _module_preset=\u00a0\u00bbdefault\u00a0\u00bb global_colors_info=\u00a0\u00bb{}\u00a0\u00bb][et_pb_pricing_tables featured_table_background_color=\u00a0\u00bbRGBA(255,255,255,0)\u00a0\u00bb featured_table_header_background_color=\u00a0\u00bbRGBA(255,255,255,0)\u00a0\u00bb header_background_color=\u00a0\u00bb#282828&Prime; featured_table_bullet_color=\u00a0\u00bb#000000&Prime; bullet_color=\u00a0\u00bb#000000&Prime; _builder_version=\u00a0\u00bb4.27.0&Prime; _module_preset=\u00a0\u00bbdefault\u00a0\u00bb price_text_color=\u00a0\u00bb#282828&Prime; header_font=\u00a0\u00bbAbril Fatface||||||||\u00a0\u00bb body_font=\u00a0\u00bbABeeZee||||||||\u00a0\u00bb body_text_align=\u00a0\u00bbcenter\u00a0\u00bb body_line_height=\u00a0\u00bb1em\u00a0\u00bb price_font=\u00a0\u00bbAbril Fatface||||||||\u00a0\u00bb global_colors_info=\u00a0\u00bb{}\u00a0\u00bb][et_pb_pricing_table title=\u00a0\u00bb1\/2 Journ\u00e9e\u00a0\u00bb subtitle=\u00a0\u00bbLun-Ven \/ 9h00 &#8211; 13h00 ou 14h &#8211; 18h\u00a0\u00bb currency=\u00a0\u00bbA partir de\u00a0\u00bb per=\u00a0\u00bbHT\u00a0\u00bb sum=\u00a0\u00bb110\u20ac\u00a0\u00bb _builder_version=\u00a0\u00bb4.27.0&Prime; _module_preset=\u00a0\u00bbdefault\u00a0\u00bb currency_frequency_font_size=\u00a0\u00bb14px\u00a0\u00bb global_colors_info=\u00a0\u00bb{}\u00a0\u00bb sticky_transition=\u00a0\u00bbon\u00a0\u00bb]<\/p>\n<p>Parking gratuit<\/p>\n<p>+ Caf\u00e9\/Th\u00e9 gratuit<\/p>\n<p>+ Internet Fibre<\/p>\n<p>Location le week-end sur demande<\/p>\n<p>[\/et_pb_pricing_table][\/et_pb_pricing_tables][\/et_pb_column][et_pb_column type=\u00a0\u00bb1_2&Prime; _builder_version=\u00a0\u00bb4.26.0&Prime; _module_preset=\u00a0\u00bbdefault\u00a0\u00bb global_colors_info=\u00a0\u00bb{}\u00a0\u00bb][et_pb_pricing_tables featured_table_background_color=\u00a0\u00bbRGBA(255,255,255,0)\u00a0\u00bb featured_table_header_background_color=\u00a0\u00bbRGBA(255,255,255,0)\u00a0\u00bb header_background_color=\u00a0\u00bb#282828&Prime; featured_table_bullet_color=\u00a0\u00bb#000000&Prime; bullet_color=\u00a0\u00bb#000000&Prime; _builder_version=\u00a0\u00bb4.27.0&Prime; _module_preset=\u00a0\u00bbdefault\u00a0\u00bb price_text_color=\u00a0\u00bb#282828&Prime; header_font=\u00a0\u00bbAbril Fatface||||||||\u00a0\u00bb body_font=\u00a0\u00bbABeeZee||||||||\u00a0\u00bb body_text_align=\u00a0\u00bbcenter\u00a0\u00bb body_line_height=\u00a0\u00bb1em\u00a0\u00bb price_font=\u00a0\u00bbAbril Fatface||||||||\u00a0\u00bb global_colors_info=\u00a0\u00bb{}\u00a0\u00bb][et_pb_pricing_table title=\u00a0\u00bbJourn\u00e9e\u00a0\u00bb subtitle=\u00a0\u00bbLun-Ven \/ 9h00 &#8211; 18h00&Prime; currency=\u00a0\u00bbA partir de\u00a0\u00bb per=\u00a0\u00bbHT\u00a0\u00bb sum=\u00a0\u00bb190\u20ac\u00a0\u00bb _builder_version=\u00a0\u00bb4.27.0&Prime; _module_preset=\u00a0\u00bbdefault\u00a0\u00bb currency_frequency_font_size=\u00a0\u00bb14px\u00a0\u00bb global_colors_info=\u00a0\u00bb{}\u00a0\u00bb sticky_transition=\u00a0\u00bbon\u00a0\u00bb]<\/p>\n<p>Parking gratuit<\/p>\n<p>+ Caf\u00e9\/Th\u00e9 gratuit<\/p>\n<p>+ Internet Fibre<\/p>\n<p>Location le week-end sur demande<\/p>\n<p>[\/et_pb_pricing_table][\/et_pb_pricing_tables][\/et_pb_column][\/et_pb_row][et_pb_row _builder_version=\u00a0\u00bb4.26.0&Prime; _module_preset=\u00a0\u00bbdefault\u00a0\u00bb global_colors_info=\u00a0\u00bb{}\u00a0\u00bb][et_pb_column type=\u00a0\u00bb4_4&Prime; _builder_version=\u00a0\u00bb4.26.0&Prime; _module_preset=\u00a0\u00bbdefault\u00a0\u00bb global_colors_info=\u00a0\u00bb{}\u00a0\u00bb][et_pb_text _builder_version=\u00a0\u00bb4.26.0&Prime; _module_preset=\u00a0\u00bbcd2a4f54-9dd5-4b81-94d9-ec2d214579c1&Prime; header_2_font=\u00a0\u00bbRoboto Condensed|300||on|||||\u00a0\u00bb header_2_text_color=\u00a0\u00bb#0D232D\u00a0\u00bb header_2_font_size=\u00a0\u00bb150px\u00a0\u00bb header_2_line_height=\u00a0\u00bb1.15em\u00a0\u00bb max_width=\u00a0\u00bb102%\u00a0\u00bb header_2_font_size_tablet=\u00a0\u00bb50px\u00a0\u00bb header_2_font_size_phone=\u00a0\u00bb30px\u00a0\u00bb header_2_font_size_last_edited=\u00a0\u00bbon|phone\u00a0\u00bb global_colors_info=\u00a0\u00bb{}\u00a0\u00bb]<\/p>\n<h2 style=\"text-align: center;\"><span style=\"color: #000000;\"><strong>MARGUERITE<\/strong><\/span><\/h2>\n<p>[\/et_pb_text][\/et_pb_column][\/et_pb_row][\/et_pb_section][et_pb_section fb_built=\u00a0\u00bb1&Prime; admin_label=\u00a0\u00bbPortfolio\u00a0\u00bb _builder_version=\u00a0\u00bb4.27.0&Prime; _module_preset=\u00a0\u00bbdefault\u00a0\u00bb background_color=\u00a0\u00bb#B1AB71&Prime; custom_padding=\u00a0\u00bb0px|||||\u00a0\u00bb collapsed=\u00a0\u00bbon\u00a0\u00bb global_colors_info=\u00a0\u00bb{}\u00a0\u00bb][et_pb_row column_structure=\u00a0\u00bb1_4,1_4,1_4,1_4&Prime; custom_padding_last_edited=\u00a0\u00bbon|tablet\u00a0\u00bb _builder_version=\u00a0\u00bb4.17.6&Prime; _module_preset=\u00a0\u00bbdefault\u00a0\u00bb custom_padding_tablet=\u00a0\u00bb||0px||false|false\u00a0\u00bb custom_padding_phone=\u00a0\u00bb||0px||false|false\u00a0\u00bb global_colors_info=\u00a0\u00bb{}\u00a0\u00bb][et_pb_column type=\u00a0\u00bb1_4&Prime; _builder_version=\u00a0\u00bb4.17.4&Prime; _module_preset=\u00a0\u00bbdefault\u00a0\u00bb global_colors_info=\u00a0\u00bb{}\u00a0\u00bb][et_pb_image src=\u00a0\u00bbhttps:\/\/www.lemasmarguerite.fr\/wp-content\/uploads\/2024\/11\/lemasmarguerite-salon-coworking11.jpg\u00a0\u00bb title_text=\u00a0\u00bblemasmarguerite-salon-coworking11&Prime; _builder_version=\u00a0\u00bb4.27.0&Prime; _module_preset=\u00a0\u00bbdefault\u00a0\u00bb global_colors_info=\u00a0\u00bb{}\u00a0\u00bb][\/et_pb_image][\/et_pb_column][et_pb_column type=\u00a0\u00bb1_4&Prime; _builder_version=\u00a0\u00bb4.17.4&Prime; _module_preset=\u00a0\u00bbdefault\u00a0\u00bb global_colors_info=\u00a0\u00bb{}\u00a0\u00bb][et_pb_icon font_icon=\u00a0\u00bb&#xe074;||divi||400&Prime; icon_color=\u00a0\u00bb#AE8F73&Prime; icon_width=\u00a0\u00bb32px\u00a0\u00bb align=\u00a0\u00bbleft\u00a0\u00bb _builder_version=\u00a0\u00bb4.27.0&Prime; _module_preset=\u00a0\u00bbdefault\u00a0\u00bb custom_margin=\u00a0\u00bb||10px||false|false\u00a0\u00bb global_colors_info=\u00a0\u00bb{}\u00a0\u00bb][\/et_pb_icon][et_pb_text _builder_version=\u00a0\u00bb4.27.0&Prime; _module_preset=\u00a0\u00bb7d75fe7f-5727-495a-ac6e-57afccfd3533&Prime; header_text_color=\u00a0\u00bb#FFFFFF\u00a0\u00bb header_5_font=\u00a0\u00bbRoboto Condensed|700||on|||||\u00a0\u00bb header_5_text_color=\u00a0\u00bb#FFFFFF\u00a0\u00bb header_5_font_size=\u00a0\u00bb20px\u00a0\u00bb header_5_line_height=\u00a0\u00bb1.4em\u00a0\u00bb custom_margin=\u00a0\u00bb||0px||false|false\u00a0\u00bb header_5_font_size_tablet=\u00a0\u00bb15px\u00a0\u00bb header_5_font_size_phone=\u00a0\u00bb14px\u00a0\u00bb header_5_font_size_last_edited=\u00a0\u00bbon|desktop\u00a0\u00bb global_colors_info=\u00a0\u00bb{}\u00a0\u00bb]<\/p>\n<h5>Un cadre exeptionnel<\/h5>\n<p>[\/et_pb_text][et_pb_text _builder_version=\u00a0\u00bb4.17.4&Prime; _module_preset=\u00a0\u00bb4c43b4b6-66bf-432d-959a-705bda24a650&Prime; text_font=\u00a0\u00bbRaleway|500|||||||\u00a0\u00bb text_text_color=\u00a0\u00bb#0D232D\u00a0\u00bb text_line_height=\u00a0\u00bb1.65em\u00a0\u00bb header_font_size_tablet=\u00a0\u00bb55px\u00a0\u00bb header_font_size_last_edited=\u00a0\u00bboff|desktop\u00a0\u00bb global_colors_info=\u00a0\u00bb{}\u00a0\u00bb]<\/p>\n<p><span style=\"color: #ffffff;\">Travailler n\u2019a jamais \u00e9t\u00e9 aussi agr\u00e9able ! Venez accomplir vos missions dans un superbe mas proven\u00e7al, avec une d\u00e9coration soign\u00e9e, \u00e9pur\u00e9e et haut de gamme, ainsi qu\u2019un magnifique jardin ombrag\u00e9&#8230;<\/span><\/p>\n<p>[\/et_pb_text][\/et_pb_column][et_pb_column type=\u00a0\u00bb1_4&Prime; _builder_version=\u00a0\u00bb4.17.4&Prime; _module_preset=\u00a0\u00bbdefault\u00a0\u00bb global_colors_info=\u00a0\u00bb{}\u00a0\u00bb][et_pb_image src=\u00a0\u00bbhttps:\/\/www.lemasmarguerite.fr\/wp-content\/uploads\/2024\/09\/Salle-Co-work.jpg\u00a0\u00bb title_text=\u00a0\u00bbSalle Co work\u00a0\u00bb _builder_version=\u00a0\u00bb4.27.0&Prime; _module_preset=\u00a0\u00bbdefault\u00a0\u00bb locked=\u00a0\u00bboff\u00a0\u00bb global_colors_info=\u00a0\u00bb{}\u00a0\u00bb][\/et_pb_image][\/et_pb_column][et_pb_column type=\u00a0\u00bb1_4&Prime; _builder_version=\u00a0\u00bb4.17.4&Prime; _module_preset=\u00a0\u00bbdefault\u00a0\u00bb global_colors_info=\u00a0\u00bb{}\u00a0\u00bb][et_pb_icon font_icon=\u00a0\u00bb&#xf4b8;||fa||900&Prime; icon_color=\u00a0\u00bb#AE8F73&Prime; icon_width=\u00a0\u00bb32px\u00a0\u00bb align=\u00a0\u00bbleft\u00a0\u00bb _builder_version=\u00a0\u00bb4.27.0&Prime; _module_preset=\u00a0\u00bbdefault\u00a0\u00bb custom_margin=\u00a0\u00bb||10px||false|false\u00a0\u00bb locked=\u00a0\u00bboff\u00a0\u00bb global_colors_info=\u00a0\u00bb{}\u00a0\u00bb][\/et_pb_icon][et_pb_text _builder_version=\u00a0\u00bb4.27.0&Prime; _module_preset=\u00a0\u00bb7d75fe7f-5727-495a-ac6e-57afccfd3533&Prime; header_5_font=\u00a0\u00bbRoboto Condensed|700||on|||||\u00a0\u00bb header_5_text_color=\u00a0\u00bb#FFFFFF\u00a0\u00bb header_5_font_size=\u00a0\u00bb20px\u00a0\u00bb header_5_line_height=\u00a0\u00bb1.4em\u00a0\u00bb custom_margin=\u00a0\u00bb||0px||false|false\u00a0\u00bb header_5_font_size_tablet=\u00a0\u00bb15px\u00a0\u00bb header_5_font_size_phone=\u00a0\u00bb14px\u00a0\u00bb header_5_font_size_last_edited=\u00a0\u00bbon|desktop\u00a0\u00bb locked=\u00a0\u00bboff\u00a0\u00bb global_colors_info=\u00a0\u00bb{}\u00a0\u00bb]<\/p>\n<h5>UN ESPRIT COSY<\/h5>\n<p>[\/et_pb_text][et_pb_text _builder_version=\u00a0\u00bb4.17.4&Prime; _module_preset=\u00a0\u00bb4c43b4b6-66bf-432d-959a-705bda24a650&Prime; text_font=\u00a0\u00bbRaleway|500|||||||\u00a0\u00bb text_text_color=\u00a0\u00bb#0D232D\u00a0\u00bb text_line_height=\u00a0\u00bb1.65em\u00a0\u00bb header_font_size_tablet=\u00a0\u00bb55px\u00a0\u00bb header_font_size_last_edited=\u00a0\u00bboff|desktop\u00a0\u00bb locked=\u00a0\u00bboff\u00a0\u00bb global_colors_info=\u00a0\u00bb{}\u00a0\u00bb]<\/p>\n<p><span style=\"color: #ffffff;\">Du sol au plafond, tout a \u00e9t\u00e9 pens\u00e9 pour rendre notre b\u00e2tisse agr\u00e9able et propice \u00e0 la cr\u00e9ativit\u00e9 et au travail. Vous vous y sentirez comme \u00e0 la maison !<\/span><\/p>\n<p>[\/et_pb_text][\/et_pb_column][\/et_pb_row][et_pb_row column_structure=\u00a0\u00bb1_4,1_4,1_4,1_4&Prime; _builder_version=\u00a0\u00bb4.17.4&Prime; _module_preset=\u00a0\u00bbdefault\u00a0\u00bb global_colors_info=\u00a0\u00bb{}\u00a0\u00bb][et_pb_column type=\u00a0\u00bb1_4&Prime; _builder_version=\u00a0\u00bb4.17.4&Prime; _module_preset=\u00a0\u00bbdefault\u00a0\u00bb global_colors_info=\u00a0\u00bb{}\u00a0\u00bb][et_pb_image src=\u00a0\u00bbhttps:\/\/www.lemasmarguerite.fr\/wp-content\/uploads\/2024\/09\/Bureau-Mas.jpg\u00a0\u00bb title_text=\u00a0\u00bbBureau Mas\u00a0\u00bb _builder_version=\u00a0\u00bb4.27.0&Prime; _module_preset=\u00a0\u00bbdefault\u00a0\u00bb global_colors_info=\u00a0\u00bb{}\u00a0\u00bb][\/et_pb_image][\/et_pb_column][et_pb_column type=\u00a0\u00bb1_4&Prime; _builder_version=\u00a0\u00bb4.17.4&Prime; _module_preset=\u00a0\u00bbdefault\u00a0\u00bb global_colors_info=\u00a0\u00bb{}\u00a0\u00bb][et_pb_icon font_icon=\u00a0\u00bb&#xf6f1;||fa||900&Prime; icon_color=\u00a0\u00bb#AE8F73&Prime; icon_width=\u00a0\u00bb32px\u00a0\u00bb align=\u00a0\u00bbleft\u00a0\u00bb _builder_version=\u00a0\u00bb4.27.0&Prime; _module_preset=\u00a0\u00bbdefault\u00a0\u00bb custom_margin=\u00a0\u00bb||10px||false|false\u00a0\u00bb global_colors_info=\u00a0\u00bb{}\u00a0\u00bb][\/et_pb_icon][et_pb_text _builder_version=\u00a0\u00bb4.27.0&Prime; _module_preset=\u00a0\u00bb7d75fe7f-5727-495a-ac6e-57afccfd3533&Prime; header_5_font=\u00a0\u00bbRoboto Condensed|700||on|||||\u00a0\u00bb header_5_text_color=\u00a0\u00bb#FFFFFF\u00a0\u00bb header_5_font_size=\u00a0\u00bb20px\u00a0\u00bb header_5_line_height=\u00a0\u00bb1.4em\u00a0\u00bb custom_margin=\u00a0\u00bb||0px||false|false\u00a0\u00bb header_5_font_size_tablet=\u00a0\u00bb15px\u00a0\u00bb header_5_font_size_phone=\u00a0\u00bb14px\u00a0\u00bb header_5_font_size_last_edited=\u00a0\u00bbon|desktop\u00a0\u00bb global_colors_info=\u00a0\u00bb{}\u00a0\u00bb]<\/p>\n<h5>Surprendre ses clients<\/h5>\n<p>[\/et_pb_text][et_pb_text _builder_version=\u00a0\u00bb4.17.4&Prime; _module_preset=\u00a0\u00bb4c43b4b6-66bf-432d-959a-705bda24a650&Prime; text_font=\u00a0\u00bbRaleway|500|||||||\u00a0\u00bb text_text_color=\u00a0\u00bb#0D232D\u00a0\u00bb text_line_height=\u00a0\u00bb1.65em\u00a0\u00bb header_font_size_tablet=\u00a0\u00bb55px\u00a0\u00bb header_font_size_last_edited=\u00a0\u00bboff|desktop\u00a0\u00bb global_colors_info=\u00a0\u00bb{}\u00a0\u00bb]<\/p>\n<p><span style=\"color: #ffffff;\">Faites impression lors de vos rendez-vous clients en les accueillant dans notre espace int\u00e9rieur et\/ou ext\u00e9rieur !<\/span><\/p>\n<p>[\/et_pb_text][\/et_pb_column][et_pb_column type=\u00a0\u00bb1_4&Prime; _builder_version=\u00a0\u00bb4.17.4&Prime; _module_preset=\u00a0\u00bbdefault\u00a0\u00bb global_colors_info=\u00a0\u00bb{}\u00a0\u00bb][et_pb_image src=\u00a0\u00bbhttps:\/\/www.lemasmarguerite.fr\/wp-content\/uploads\/2024\/09\/cowork-bas.jpg\u00a0\u00bb title_text=\u00a0\u00bbcowork bas\u00a0\u00bb _builder_version=\u00a0\u00bb4.27.0&Prime; _module_preset=\u00a0\u00bbdefault\u00a0\u00bb locked=\u00a0\u00bboff\u00a0\u00bb global_colors_info=\u00a0\u00bb{}\u00a0\u00bb][\/et_pb_image][\/et_pb_column][et_pb_column type=\u00a0\u00bb1_4&Prime; _builder_version=\u00a0\u00bb4.17.4&Prime; _module_preset=\u00a0\u00bbdefault\u00a0\u00bb global_colors_info=\u00a0\u00bb{}\u00a0\u00bb][et_pb_icon font_icon=\u00a0\u00bb&#xe066;||fa||900&Prime; icon_color=\u00a0\u00bb#AE8F73&Prime; icon_width=\u00a0\u00bb32px\u00a0\u00bb align=\u00a0\u00bbleft\u00a0\u00bb _builder_version=\u00a0\u00bb4.27.0&Prime; _module_preset=\u00a0\u00bbdefault\u00a0\u00bb custom_margin=\u00a0\u00bb||10px||false|false\u00a0\u00bb locked=\u00a0\u00bboff\u00a0\u00bb global_colors_info=\u00a0\u00bb{}\u00a0\u00bb][\/et_pb_icon][et_pb_text _builder_version=\u00a0\u00bb4.26.0&Prime; _module_preset=\u00a0\u00bb7d75fe7f-5727-495a-ac6e-57afccfd3533&Prime; header_5_font=\u00a0\u00bbRoboto Condensed|700||on|||||\u00a0\u00bb header_5_text_color=\u00a0\u00bb#0d232d\u00a0\u00bb header_5_font_size=\u00a0\u00bb20px\u00a0\u00bb header_5_line_height=\u00a0\u00bb1.4em\u00a0\u00bb custom_margin=\u00a0\u00bb||0px||false|false\u00a0\u00bb header_5_font_size_tablet=\u00a0\u00bb15px\u00a0\u00bb header_5_font_size_phone=\u00a0\u00bb14px\u00a0\u00bb header_5_font_size_last_edited=\u00a0\u00bbon|desktop\u00a0\u00bb locked=\u00a0\u00bboff\u00a0\u00bb global_colors_info=\u00a0\u00bb{}\u00a0\u00bb]<\/p>\n<h5><span style=\"color: #ffffff;\">Un emplacement id\u00e9al<\/span><\/h5>\n<p>[\/et_pb_text][et_pb_text _builder_version=\u00a0\u00bb4.27.0&Prime; _module_preset=\u00a0\u00bb4c43b4b6-66bf-432d-959a-705bda24a650&Prime; text_font=\u00a0\u00bbRaleway|500|||||||\u00a0\u00bb text_text_color=\u00a0\u00bb#FFFFFF\u00a0\u00bb text_line_height=\u00a0\u00bb1.65em\u00a0\u00bb header_font_size_tablet=\u00a0\u00bb55px\u00a0\u00bb header_font_size_last_edited=\u00a0\u00bboff|desktop\u00a0\u00bb locked=\u00a0\u00bboff\u00a0\u00bb global_colors_info=\u00a0\u00bb{}\u00a0\u00bb]<\/p>\n<p><span>En plein c\u0153ur de Salon-de-Provence, Maison Marguerite est id\u00e9alement situ\u00e9e ! \u00c0 800 m\u00e8tres de la sortie d\u2019autoroute, avec un parking gratuit pour vous et vos clients.<\/span><\/p>\n<p>[\/et_pb_text][\/et_pb_column][\/et_pb_row][\/et_pb_section][et_pb_section fb_built=\u00a0\u00bb1&Prime; admin_label=\u00a0\u00bbCall to Action\u00a0\u00bb _builder_version=\u00a0\u00bb4.27.0&Prime; _module_preset=\u00a0\u00bbdefault\u00a0\u00bb background_color=\u00a0\u00bb#FFFFFF\u00a0\u00bb locked=\u00a0\u00bboff\u00a0\u00bb collapsed=\u00a0\u00bbon\u00a0\u00bb global_colors_info=\u00a0\u00bb{}\u00a0\u00bb][et_pb_row column_structure=\u00a0\u00bb2_5,3_5&Prime; use_custom_gutter=\u00a0\u00bbon\u00a0\u00bb gutter_width=\u00a0\u00bb1&Prime; _builder_version=\u00a0\u00bb4.17.6&Prime; _module_preset=\u00a0\u00bbdefault\u00a0\u00bb global_colors_info=\u00a0\u00bb{}\u00a0\u00bb][et_pb_column type=\u00a0\u00bb2_5&Prime; _builder_version=\u00a0\u00bb4.17.6&Prime; _module_preset=\u00a0\u00bbdefault\u00a0\u00bb custom_padding=\u00a0\u00bb8%|4%|4%||false|false\u00a0\u00bb global_colors_info=\u00a0\u00bb{}\u00a0\u00bb][et_pb_text _builder_version=\u00a0\u00bb4.17.6&Prime; _module_preset=\u00a0\u00bbb327cbe4-b1d5-4b66-ad37-40c8f2f061ba\u00a0\u00bb header_2_font=\u00a0\u00bbAnton|||on|||||\u00a0\u00bb header_2_text_color=\u00a0\u00bb#AE8F73&Prime; header_2_font_size=\u00a0\u00bb70px\u00a0\u00bb header_2_line_height=\u00a0\u00bb1.15em\u00a0\u00bb header_2_font_size_tablet=\u00a0\u00bb32px\u00a0\u00bb header_2_font_size_phone=\u00a0\u00bb20px\u00a0\u00bb header_2_font_size_last_edited=\u00a0\u00bbon|phone\u00a0\u00bb global_colors_info=\u00a0\u00bb{}\u00a0\u00bb]<\/p>\n<h2><span style=\"color: #000000;\">TU NOUS REJOINS QUAND ?<\/span><\/h2>\n<p>[\/et_pb_text][et_pb_button button_url=\u00a0\u00bbhttps:\/\/www.lemasmarguerite.fr\/index.php\/contact\/\u00a0\u00bb button_text=\u00a0\u00bbNous contacter\u00a0\u00bb _builder_version=\u00a0\u00bb4.27.0&Prime; _module_preset=\u00a0\u00bbdb46e67d-9505-40bb-9ebd-8901bc8b3a95&Prime; custom_button=\u00a0\u00bbon\u00a0\u00bb button_text_size=\u00a0\u00bb10px\u00a0\u00bb button_text_color=\u00a0\u00bb#FFFFFF\u00a0\u00bb button_bg_color=\u00a0\u00bb#AE8F73&Prime; button_border_width=\u00a0\u00bb0px\u00a0\u00bb button_border_radius=\u00a0\u00bb0px\u00a0\u00bb button_letter_spacing=\u00a0\u00bb0.3em\u00a0\u00bb button_font=\u00a0\u00bbOpen Sans|700||on|||||\u00a0\u00bb custom_padding=\u00a0\u00bb16px|24px|16px|24px|true|true\u00a0\u00bb global_colors_info=\u00a0\u00bb{}\u00a0\u00bb][\/et_pb_button][\/et_pb_column][et_pb_column type=\u00a0\u00bb3_5&Prime; _builder_version=\u00a0\u00bb4.17.6&Prime; _module_preset=\u00a0\u00bbdefault\u00a0\u00bb global_colors_info=\u00a0\u00bb{}\u00a0\u00bb][et_pb_image src=\u00a0\u00bbhttps:\/\/www.lemasmarguerite.fr\/wp-content\/uploads\/2024\/11\/lemasmarguerite-salon-coworking10-1.png\u00a0\u00bb title_text=\u00a0\u00bblemasmarguerite-salon-coworking10&Prime; _builder_version=\u00a0\u00bb4.27.0&Prime; _module_preset=\u00a0\u00bbdefault\u00a0\u00bb global_colors_info=\u00a0\u00bb{}\u00a0\u00bb][\/et_pb_image][\/et_pb_column][\/et_pb_row][\/et_pb_section][et_pb_section fb_built=\u00a0\u00bb1&Prime; admin_label=\u00a0\u00bbFooter\u00a0\u00bb _builder_version=\u00a0\u00bb4.27.0&Prime; _module_preset=\u00a0\u00bbdefault\u00a0\u00bb background_color=\u00a0\u00bb#FFFFFF\u00a0\u00bb min_height=\u00a0\u00bb370.4px\u00a0\u00bb custom_margin=\u00a0\u00bb-39px|||||\u00a0\u00bb custom_padding=\u00a0\u00bb||49px||false|false\u00a0\u00bb saved_tabs=\u00a0\u00bball\u00a0\u00bb locked=\u00a0\u00bboff\u00a0\u00bb collapsed=\u00a0\u00bbon\u00a0\u00bb global_colors_info=\u00a0\u00bb{}\u00a0\u00bb][et_pb_row column_structure=\u00a0\u00bb1_4,1_2,1_4&Prime; _builder_version=\u00a0\u00bb4.17.6&Prime; _module_preset=\u00a0\u00bbdefault\u00a0\u00bb global_colors_info=\u00a0\u00bb{}\u00a0\u00bb][et_pb_column type=\u00a0\u00bb1_4&Prime; _builder_version=\u00a0\u00bb4.17.4&Prime; _module_preset=\u00a0\u00bbdefault\u00a0\u00bb global_colors_info=\u00a0\u00bb{}\u00a0\u00bb][et_pb_text _builder_version=\u00a0\u00bb4.17.4&Prime; _module_preset=\u00a0\u00bbe6504a1b-67eb-4b3d-b023-bcab277610b6&Prime; link_font=\u00a0\u00bb||||||||\u00a0\u00bb link_text_color=\u00a0\u00bb#AE8F73&Prime; header_4_font=\u00a0\u00bbOpen Sans|700||on|||||\u00a0\u00bb header_4_text_color=\u00a0\u00bb#AE8F73&Prime; header_4_font_size=\u00a0\u00bb12px\u00a0\u00bb header_4_letter_spacing=\u00a0\u00bb0.2em\u00a0\u00bb header_4_line_height=\u00a0\u00bb1.5em\u00a0\u00bb custom_margin=\u00a0\u00bb||10px||false|false\u00a0\u00bb locked=\u00a0\u00bboff\u00a0\u00bb global_colors_info=\u00a0\u00bb{}\u00a0\u00bb]<\/p>\n<h4>Get Started<\/h4>\n<p>[\/et_pb_text][et_pb_text _builder_version=\u00a0\u00bb4.27.0&Prime; _module_preset=\u00a0\u00bb4c43b4b6-66bf-432d-959a-705bda24a650&Prime; text_font=\u00a0\u00bbRaleway|500|||||||\u00a0\u00bb text_text_color=\u00a0\u00bb#0D232D\u00a0\u00bb text_line_height=\u00a0\u00bb1.65em\u00a0\u00bb link_text_color=\u00a0\u00bb#000000&Prime; custom_margin=\u00a0\u00bb||10px||false|false\u00a0\u00bb header_font_size_tablet=\u00a0\u00bb55px\u00a0\u00bb header_font_size_last_edited=\u00a0\u00bboff|desktop\u00a0\u00bb global_colors_info=\u00a0\u00bb{}\u00a0\u00bb]<\/p>\n<p><a href=\"https:\/\/www.lemasmarguerite.fr\/index.php\/coworking\/\">Espace Coworking<\/a><\/p>\n<p>[\/et_pb_text][et_pb_text _builder_version=\u00a0\u00bb4.27.0&Prime; _module_preset=\u00a0\u00bb4c43b4b6-66bf-432d-959a-705bda24a650&Prime; text_font=\u00a0\u00bbRaleway|500|||||||\u00a0\u00bb text_text_color=\u00a0\u00bb#0D232D\u00a0\u00bb text_line_height=\u00a0\u00bb1.65em\u00a0\u00bb link_text_color=\u00a0\u00bb#000000&Prime; custom_margin=\u00a0\u00bb||10px||false|false\u00a0\u00bb header_font_size_tablet=\u00a0\u00bb55px\u00a0\u00bb header_font_size_last_edited=\u00a0\u00bboff|desktop\u00a0\u00bb global_colors_info=\u00a0\u00bb{}\u00a0\u00bb]<\/p>\n<p><a href=\"https:\/\/www.lemasmarguerite.fr\/index.php\/tarifs-salles-de-reunion\/\">Salle de r\u00e9union<\/a><\/p>\n<p>[\/et_pb_text][et_pb_text _builder_version=\u00a0\u00bb4.27.0&Prime; _module_preset=\u00a0\u00bb4c43b4b6-66bf-432d-959a-705bda24a650&Prime; text_font=\u00a0\u00bbRaleway|500|||||||\u00a0\u00bb text_text_color=\u00a0\u00bb#0D232D\u00a0\u00bb text_line_height=\u00a0\u00bb1.65em\u00a0\u00bb link_text_color=\u00a0\u00bb#000000&Prime; custom_margin=\u00a0\u00bb||10px||false|false\u00a0\u00bb header_font_size_tablet=\u00a0\u00bb55px\u00a0\u00bb header_font_size_last_edited=\u00a0\u00bboff|desktop\u00a0\u00bb global_colors_info=\u00a0\u00bb{}\u00a0\u00bb]<\/p>\n<p><a href=\"https:\/\/www.lemasmarguerite.fr\/index.php\/privatisation-evenementielle\/\">Privatisation &amp; Ev\u00e9nement<\/a><\/p>\n<p>[\/et_pb_text][et_pb_text _builder_version=\u00a0\u00bb4.27.0&Prime; _module_preset=\u00a0\u00bb4c43b4b6-66bf-432d-959a-705bda24a650&Prime; text_font=\u00a0\u00bbRaleway|500|||||||\u00a0\u00bb text_text_color=\u00a0\u00bb#0D232D\u00a0\u00bb text_line_height=\u00a0\u00bb1.65em\u00a0\u00bb link_text_color=\u00a0\u00bb#000000&Prime; custom_margin=\u00a0\u00bb||10px||false|false\u00a0\u00bb header_font_size_tablet=\u00a0\u00bb55px\u00a0\u00bb header_font_size_last_edited=\u00a0\u00bboff|desktop\u00a0\u00bb locked=\u00a0\u00bboff\u00a0\u00bb global_colors_info=\u00a0\u00bb{}\u00a0\u00bb]<\/p>\n<p><a href=\"https:\/\/www.lemasmarguerite.fr\/index.php\/contact\/\">Contactez nous<\/a><\/p>\n<p>[\/et_pb_text][\/et_pb_column][et_pb_column type=\u00a0\u00bb1_2&Prime; _builder_version=\u00a0\u00bb4.17.4&Prime; _module_preset=\u00a0\u00bbdefault\u00a0\u00bb global_colors_info=\u00a0\u00bb{}\u00a0\u00bb][et_pb_text _builder_version=\u00a0\u00bb4.17.4&Prime; _module_preset=\u00a0\u00bbe6504a1b-67eb-4b3d-b023-bcab277610b6&Prime; link_font=\u00a0\u00bb||||||||\u00a0\u00bb link_text_color=\u00a0\u00bb#AE8F73&Prime; header_4_font=\u00a0\u00bbOpen Sans|700||on|||||\u00a0\u00bb header_4_text_color=\u00a0\u00bb#AE8F73&Prime; header_4_font_size=\u00a0\u00bb12px\u00a0\u00bb header_4_letter_spacing=\u00a0\u00bb0.2em\u00a0\u00bb header_4_line_height=\u00a0\u00bb1.5em\u00a0\u00bb custom_margin=\u00a0\u00bb||0px||false|false\u00a0\u00bb locked=\u00a0\u00bboff\u00a0\u00bb global_colors_info=\u00a0\u00bb{}\u00a0\u00bb]<\/p>\n<h4>Newsletter<\/h4>\n<p>[\/et_pb_text][et_pb_signup mailchimp_list=\u00a0\u00bbundefined|elegantthemestest|1ea2bbd026&Prime; layout=\u00a0\u00bbtop_bottom\u00a0\u00bb first_name_field=\u00a0\u00bboff\u00a0\u00bb last_name_field=\u00a0\u00bboff\u00a0\u00bb button_text=\u00a0\u00bbS&rsquo;ABONNER\u00a0\u00bb _builder_version=\u00a0\u00bb4.26.0&Prime; _module_preset=\u00a0\u00bb574985c8-71fd-4549-824b-0dd9379d7686&Prime; form_field_background_color=\u00a0\u00bbRGBA(255,255,255,0)\u00a0\u00bb form_field_text_color=\u00a0\u00bb#000000&Prime; form_field_custom_padding=\u00a0\u00bb16px|0px|16px|0px|true|true\u00a0\u00bb form_field_font=\u00a0\u00bbRaleway|500|||||||\u00a0\u00bb background_enable_color=\u00a0\u00bboff\u00a0\u00bb use_background_color=\u00a0\u00bboff\u00a0\u00bb custom_button=\u00a0\u00bbon\u00a0\u00bb button_text_size=\u00a0\u00bb12px\u00a0\u00bb button_text_color=\u00a0\u00bb#FFFFFF\u00a0\u00bb button_bg_color=\u00a0\u00bb#AE8F73&Prime; button_border_width=\u00a0\u00bb0px\u00a0\u00bb button_border_radius=\u00a0\u00bb0px\u00a0\u00bb button_letter_spacing=\u00a0\u00bb0.5em\u00a0\u00bb button_font=\u00a0\u00bbOpen Sans|700||on|||||\u00a0\u00bb button_custom_padding=\u00a0\u00bb16px|24px|16px|24px|true|true\u00a0\u00bb border_radii_fields=\u00a0\u00bbon|0px|0px|0px|0px\u00a0\u00bb border_color_all_fields=\u00a0\u00bb#0D291F\u00a0\u00bb border_width_bottom_fields=\u00a0\u00bb1px\u00a0\u00bb locked=\u00a0\u00bboff\u00a0\u00bb global_colors_info=\u00a0\u00bb{}\u00a0\u00bb][\/et_pb_signup][\/et_pb_column][et_pb_column type=\u00a0\u00bb1_4&Prime; _builder_version=\u00a0\u00bb4.17.4&Prime; _module_preset=\u00a0\u00bbdefault\u00a0\u00bb global_colors_info=\u00a0\u00bb{}\u00a0\u00bb][et_pb_text _builder_version=\u00a0\u00bb4.26.0&Prime; _module_preset=\u00a0\u00bbe6504a1b-67eb-4b3d-b023-bcab277610b6&Prime; link_font=\u00a0\u00bb||||||||\u00a0\u00bb link_text_color=\u00a0\u00bb#AE8F73&Prime; header_4_font=\u00a0\u00bbOpen Sans|700||on|||||\u00a0\u00bb header_4_text_color=\u00a0\u00bb#AE8F73&Prime; header_4_font_size=\u00a0\u00bb12px\u00a0\u00bb header_4_letter_spacing=\u00a0\u00bb0.2em\u00a0\u00bb header_4_line_height=\u00a0\u00bb1.5em\u00a0\u00bb custom_margin=\u00a0\u00bb||0px||false|false\u00a0\u00bb global_colors_info=\u00a0\u00bb{}\u00a0\u00bb]<\/p>\n<h4>Suivez nos aventures<\/h4>\n<p>[\/et_pb_text][et_pb_social_media_follow icon_color=\u00a0\u00bb#0D232D\u00a0\u00bb use_icon_font_size=\u00a0\u00bbon\u00a0\u00bb icon_font_size=\u00a0\u00bb24px\u00a0\u00bb _builder_version=\u00a0\u00bb4.27.0&Prime; _module_preset=\u00a0\u00bbdefault\u00a0\u00bb global_colors_info=\u00a0\u00bb{}\u00a0\u00bb][et_pb_social_media_follow_network social_network=\u00a0\u00bbfacebook\u00a0\u00bb url=\u00a0\u00bbhttps:\/\/www.facebook.com\/lemasmarguerite\u00a0\u00bb _builder_version=\u00a0\u00bb4.27.0&Prime; _module_preset=\u00a0\u00bbdefault\u00a0\u00bb global_colors_info=\u00a0\u00bb{}\u00a0\u00bb follow_button=\u00a0\u00bboff\u00a0\u00bb url_new_window=\u00a0\u00bbon\u00a0\u00bb]facebook[\/et_pb_social_media_follow_network][et_pb_social_media_follow_network social_network=\u00a0\u00bbinstagram\u00a0\u00bb url=\u00a0\u00bbhttps:\/\/www.instagram.com\/le_mas_marguerite\/\u00a0\u00bb _builder_version=\u00a0\u00bb4.27.0&Prime; _module_preset=\u00a0\u00bbdefault\u00a0\u00bb global_colors_info=\u00a0\u00bb{}\u00a0\u00bb follow_button=\u00a0\u00bboff\u00a0\u00bb url_new_window=\u00a0\u00bbon\u00a0\u00bb]instagram[\/et_pb_social_media_follow_network][et_pb_social_media_follow_network social_network=\u00a0\u00bblinkedin\u00a0\u00bb url=\u00a0\u00bbhttps:\/\/www.linkedin.com\/company\/le-mas-marguerite?trk=public_post_main-feed-card_reshare-text\u00a0\u00bb _builder_version=\u00a0\u00bb4.27.0&Prime; _module_preset=\u00a0\u00bbdefault\u00a0\u00bb background_color=\u00a0\u00bbRGBA(255,255,255,0)\u00a0\u00bb background_enable_color=\u00a0\u00bbon\u00a0\u00bb global_colors_info=\u00a0\u00bb{}\u00a0\u00bb follow_button=\u00a0\u00bboff\u00a0\u00bb url_new_window=\u00a0\u00bbon\u00a0\u00bb]linkedin[\/et_pb_social_media_follow_network][\/et_pb_social_media_follow][\/et_pb_column][\/et_pb_row][et_pb_row _builder_version=\u00a0\u00bb4.17.4&Prime; _module_preset=\u00a0\u00bbdefault\u00a0\u00bb global_colors_info=\u00a0\u00bb{}\u00a0\u00bb][et_pb_column type=\u00a0\u00bb4_4&Prime; _builder_version=\u00a0\u00bb4.17.4&Prime; _module_preset=\u00a0\u00bbdefault\u00a0\u00bb global_colors_info=\u00a0\u00bb{}\u00a0\u00bb][et_pb_text _builder_version=\u00a0\u00bb4.26.0&Prime; _dynamic_attributes=\u00a0\u00bbcontent\u00a0\u00bb _module_preset=\u00a0\u00bb4c43b4b6-66bf-432d-959a-705bda24a650&Prime; text_font=\u00a0\u00bbRaleway|500|||||||\u00a0\u00bb text_text_color=\u00a0\u00bb#0D232D\u00a0\u00bb text_line_height=\u00a0\u00bb1.65em\u00a0\u00bb text_orientation=\u00a0\u00bbcenter\u00a0\u00bb header_font_size_tablet=\u00a0\u00bb55px\u00a0\u00bb header_font_size_last_edited=\u00a0\u00bboff|desktop\u00a0\u00bb text_orientation_tablet=\u00a0\u00bbleft\u00a0\u00bb text_orientation_phone=\u00a0\u00bb\u00a0\u00bb text_orientation_last_edited=\u00a0\u00bbon|tablet\u00a0\u00bb global_colors_info=\u00a0\u00bb{}\u00a0\u00bb]@ET-DC@eyJkeW5hbWljIjp0cnVlLCJjb250ZW50IjoiY3VycmVudF9kYXRlIiwic2V0dGluZ3MiOnsiYmVmb3JlIjoiQ29weXJpZ2h0ICZjb3B5OyAiLCJhZnRlciI6Ik1hcyBNYXJndWVyaXRlIiwiZGF0ZV9mb3JtYXQiOiJjdXN0b20iLCJjdXN0b21fZGF0ZV9mb3JtYXQiOiJZICJ9fQ==@[\/et_pb_text][\/et_pb_column][\/et_pb_row][\/et_pb_section]<\/p>\n","protected":false},"excerpt":{"rendered":"<p>TARIFSsalles de r\u00e9union\u00a0Chez Marguerite, on aime faire des brainstormings ! Si vous \u00eates \u00e0 la recherche d\u2019une salle de r\u00e9union pour vos \u00e9quipes, vos pr\u00e9sentations, vos assembl\u00e9es g\u00e9n\u00e9rales ou vos formations, nous mettons \u00e0 disposition nos deux salles de r\u00e9union, toutes \u00e9quip\u00e9es et pr\u00eates \u00e0 vous recevoir.Tarifs SALLE BALZAC (6-8 PersONNES)\u00a0*La salle Balzac est adapt\u00e9e [&hellip;]<\/p>\n","protected":false},"author":1,"featured_media":0,"parent":0,"menu_order":0,"comment_status":"closed","ping_status":"closed","template":"","meta":{"_et_pb_use_builder":"on","_et_pb_old_content":"","_et_gb_content_width":"","footnotes":""},"class_list":["post-108","page","type-page","status-publish","hentry"],"yoast_head":"<!-- This site is optimized with the Yoast SEO plugin v25.8 - https:\/\/yoast.com\/wordpress\/plugins\/seo\/ -->\n<title>Salles de r\u00e9union - Le Mas Marguerite<\/title>\n<meta name=\"robots\" content=\"index, follow, max-snippet:-1, max-image-preview:large, max-video-preview:-1\" \/>\n<link rel=\"canonical\" href=\"https:\/\/www.lemasmarguerite.fr\/index.php\/tarifs-salles-de-reunion\/\" \/>\n<meta property=\"og:locale\" content=\"fr_FR\" \/>\n<meta property=\"og:type\" content=\"article\" \/>\n<meta property=\"og:title\" content=\"Salles de r\u00e9union - Le Mas Marguerite\" \/>\n<meta property=\"og:description\" content=\"TARIFSsalles de r\u00e9union\u00a0Chez Marguerite, on aime faire des brainstormings ! Si vous \u00eates \u00e0 la recherche d\u2019une salle de r\u00e9union pour vos \u00e9quipes, vos pr\u00e9sentations, vos assembl\u00e9es g\u00e9n\u00e9rales ou vos formations, nous mettons \u00e0 disposition nos deux salles de r\u00e9union, toutes \u00e9quip\u00e9es et pr\u00eates \u00e0 vous recevoir.Tarifs SALLE BALZAC (6-8 PersONNES)\u00a0*La salle Balzac est adapt\u00e9e [&hellip;]\" \/>\n<meta property=\"og:url\" content=\"https:\/\/www.lemasmarguerite.fr\/index.php\/tarifs-salles-de-reunion\/\" \/>\n<meta property=\"og:site_name\" content=\"Le Mas Marguerite\" \/>\n<meta property=\"article:publisher\" content=\"https:\/\/www.facebook.com\/lemasmarguerite\" \/>\n<meta property=\"article:modified_time\" content=\"2026-01-23T15:20:55+00:00\" \/>\n<meta name=\"twitter:card\" content=\"summary_large_image\" \/>\n<meta name=\"twitter:label1\" content=\"Dur\u00e9e de lecture estim\u00e9e\" \/>\n\t<meta name=\"twitter:data1\" content=\"18 minutes\" \/>\n<script type=\"application\/ld+json\" class=\"yoast-schema-graph\">{\"@context\":\"https:\/\/schema.org\",\"@graph\":[{\"@type\":\"WebPage\",\"@id\":\"https:\/\/www.lemasmarguerite.fr\/index.php\/tarifs-salles-de-reunion\/\",\"url\":\"https:\/\/www.lemasmarguerite.fr\/index.php\/tarifs-salles-de-reunion\/\",\"name\":\"Salles de r\u00e9union - Le Mas Marguerite\",\"isPartOf\":{\"@id\":\"https:\/\/www.lemasmarguerite.fr\/#website\"},\"datePublished\":\"2024-07-10T22:27:53+00:00\",\"dateModified\":\"2026-01-23T15:20:55+00:00\",\"breadcrumb\":{\"@id\":\"https:\/\/www.lemasmarguerite.fr\/index.php\/tarifs-salles-de-reunion\/#breadcrumb\"},\"inLanguage\":\"fr-FR\",\"potentialAction\":[{\"@type\":\"ReadAction\",\"target\":[\"https:\/\/www.lemasmarguerite.fr\/index.php\/tarifs-salles-de-reunion\/\"]}]},{\"@type\":\"BreadcrumbList\",\"@id\":\"https:\/\/www.lemasmarguerite.fr\/index.php\/tarifs-salles-de-reunion\/#breadcrumb\",\"itemListElement\":[{\"@type\":\"ListItem\",\"position\":1,\"name\":\"Accueil\",\"item\":\"https:\/\/www.lemasmarguerite.fr\/\"},{\"@type\":\"ListItem\",\"position\":2,\"name\":\"Salles de r\u00e9union\"}]},{\"@type\":\"WebSite\",\"@id\":\"https:\/\/www.lemasmarguerite.fr\/#website\",\"url\":\"https:\/\/www.lemasmarguerite.fr\/\",\"name\":\"Le Mas Marguerite\",\"description\":\"\",\"potentialAction\":[{\"@type\":\"SearchAction\",\"target\":{\"@type\":\"EntryPoint\",\"urlTemplate\":\"https:\/\/www.lemasmarguerite.fr\/?s={search_term_string}\"},\"query-input\":{\"@type\":\"PropertyValueSpecification\",\"valueRequired\":true,\"valueName\":\"search_term_string\"}}],\"inLanguage\":\"fr-FR\"}]}<\/script>\n<!-- \/ Yoast SEO plugin. -->","yoast_head_json":{"title":"Salles de r\u00e9union - Le Mas Marguerite","robots":{"index":"index","follow":"follow","max-snippet":"max-snippet:-1","max-image-preview":"max-image-preview:large","max-video-preview":"max-video-preview:-1"},"canonical":"https:\/\/www.lemasmarguerite.fr\/index.php\/tarifs-salles-de-reunion\/","og_locale":"fr_FR","og_type":"article","og_title":"Salles de r\u00e9union - Le Mas Marguerite","og_description":"TARIFSsalles de r\u00e9union\u00a0Chez Marguerite, on aime faire des brainstormings ! Si vous \u00eates \u00e0 la recherche d\u2019une salle de r\u00e9union pour vos \u00e9quipes, vos pr\u00e9sentations, vos assembl\u00e9es g\u00e9n\u00e9rales ou vos formations, nous mettons \u00e0 disposition nos deux salles de r\u00e9union, toutes \u00e9quip\u00e9es et pr\u00eates \u00e0 vous recevoir.Tarifs SALLE BALZAC (6-8 PersONNES)\u00a0*La salle Balzac est adapt\u00e9e [&hellip;]","og_url":"https:\/\/www.lemasmarguerite.fr\/index.php\/tarifs-salles-de-reunion\/","og_site_name":"Le Mas Marguerite","article_publisher":"https:\/\/www.facebook.com\/lemasmarguerite","article_modified_time":"2026-01-23T15:20:55+00:00","twitter_card":"summary_large_image","twitter_misc":{"Dur\u00e9e de lecture estim\u00e9e":"18 minutes"},"schema":{"@context":"https:\/\/schema.org","@graph":[{"@type":"WebPage","@id":"https:\/\/www.lemasmarguerite.fr\/index.php\/tarifs-salles-de-reunion\/","url":"https:\/\/www.lemasmarguerite.fr\/index.php\/tarifs-salles-de-reunion\/","name":"Salles de r\u00e9union - Le Mas Marguerite","isPartOf":{"@id":"https:\/\/www.lemasmarguerite.fr\/#website"},"datePublished":"2024-07-10T22:27:53+00:00","dateModified":"2026-01-23T15:20:55+00:00","breadcrumb":{"@id":"https:\/\/www.lemasmarguerite.fr\/index.php\/tarifs-salles-de-reunion\/#breadcrumb"},"inLanguage":"fr-FR","potentialAction":[{"@type":"ReadAction","target":["https:\/\/www.lemasmarguerite.fr\/index.php\/tarifs-salles-de-reunion\/"]}]},{"@type":"BreadcrumbList","@id":"https:\/\/www.lemasmarguerite.fr\/index.php\/tarifs-salles-de-reunion\/#breadcrumb","itemListElement":[{"@type":"ListItem","position":1,"name":"Accueil","item":"https:\/\/www.lemasmarguerite.fr\/"},{"@type":"ListItem","position":2,"name":"Salles de r\u00e9union"}]},{"@type":"WebSite","@id":"https:\/\/www.lemasmarguerite.fr\/#website","url":"https:\/\/www.lemasmarguerite.fr\/","name":"Le Mas Marguerite","description":"","potentialAction":[{"@type":"SearchAction","target":{"@type":"EntryPoint","urlTemplate":"https:\/\/www.lemasmarguerite.fr\/?s={search_term_string}"},"query-input":{"@type":"PropertyValueSpecification","valueRequired":true,"valueName":"search_term_string"}}],"inLanguage":"fr-FR"}]}},"jetpack_sharing_enabled":true,"_links":{"self":[{"href":"https:\/\/www.lemasmarguerite.fr\/index.php\/wp-json\/wp\/v2\/pages\/108","targetHints":{"allow":["GET"]}}],"collection":[{"href":"https:\/\/www.lemasmarguerite.fr\/index.php\/wp-json\/wp\/v2\/pages"}],"about":[{"href":"https:\/\/www.lemasmarguerite.fr\/index.php\/wp-json\/wp\/v2\/types\/page"}],"author":[{"embeddable":true,"href":"https:\/\/www.lemasmarguerite.fr\/index.php\/wp-json\/wp\/v2\/users\/1"}],"replies":[{"embeddable":true,"href":"https:\/\/www.lemasmarguerite.fr\/index.php\/wp-json\/wp\/v2\/comments?post=108"}],"version-history":[{"count":24,"href":"https:\/\/www.lemasmarguerite.fr\/index.php\/wp-json\/wp\/v2\/pages\/108\/revisions"}],"predecessor-version":[{"id":931,"href":"https:\/\/www.lemasmarguerite.fr\/index.php\/wp-json\/wp\/v2\/pages\/108\/revisions\/931"}],"wp:attachment":[{"href":"https:\/\/www.lemasmarguerite.fr\/index.php\/wp-json\/wp\/v2\/media?parent=108"}],"curies":[{"name":"wp","href":"https:\/\/api.w.org\/{rel}","templated":true}]}}