{"id":42,"date":"2024-07-09T19:01:59","date_gmt":"2024-07-09T17:01:59","guid":{"rendered":"https:\/\/maison-marguerites.fr\/?page_id=42"},"modified":"2026-01-23T16:24:36","modified_gmt":"2026-01-23T15:24:36","slug":"privatisation-evenementielle","status":"publish","type":"page","link":"https:\/\/www.lemasmarguerite.fr\/index.php\/privatisation-evenementielle\/","title":{"rendered":"Privatisation &amp; \u00c9v\u00e8nement"},"content":{"rendered":"<p>[et_pb_section fb_built=\u00a0\u00bb1&Prime; custom_padding_last_edited=\u00a0\u00bbon|desktop\u00a0\u00bb admin_label=\u00a0\u00bbHeader\u00a0\u00bb _builder_version=\u00a0\u00bb4.27.0&Prime; _module_preset=\u00a0\u00bbdefault\u00a0\u00bb background_color=\u00a0\u00bb#ae8f73&Prime; background_enable_image=\u00a0\u00bboff\u00a0\u00bb background_position=\u00a0\u00bbbottom_center\u00a0\u00bb min_height=\u00a0\u00bbauto\u00a0\u00bb custom_margin=\u00a0\u00bb||||false|false\u00a0\u00bb custom_padding_tablet=\u00a0\u00bb||||false|false\u00a0\u00bb custom_padding_phone=\u00a0\u00bb||||false|false\u00a0\u00bb collapsed=\u00a0\u00bbon\u00a0\u00bb global_colors_info=\u00a0\u00bb{}\u00a0\u00bb][et_pb_row column_structure=\u00a0\u00bb3_4,1_4&Prime; _builder_version=\u00a0\u00bb4.27.0&Prime; _module_preset=\u00a0\u00bbdefault\u00a0\u00bb background_color=\u00a0\u00bb#ae8f73&Prime; global_colors_info=\u00a0\u00bb{}\u00a0\u00bb][et_pb_column type=\u00a0\u00bb3_4&Prime; _builder_version=\u00a0\u00bb4.17.6&Prime; _module_preset=\u00a0\u00bbdefault\u00a0\u00bb background_color=\u00a0\u00bb#AE8F73&Prime; custom_padding=\u00a0\u00bb8%|8%|8%|8%|true|true\u00a0\u00bb custom_padding_tablet=\u00a0\u00bb8%|8%|8%|8%|true|true\u00a0\u00bb custom_padding_phone=\u00a0\u00bb8%|8%|8%|8%|true|true\u00a0\u00bb custom_padding_last_edited=\u00a0\u00bbon|desktop\u00a0\u00bb global_colors_info=\u00a0\u00bb{}\u00a0\u00bb][et_pb_text _builder_version=\u00a0\u00bb4.27.0&Prime; _module_preset=\u00a0\u00bbc16985e1-e0d6-4022-964d-e2bfc04fa633&Prime; header_font=\u00a0\u00bbAnton|||on|||||\u00a0\u00bb header_text_color=\u00a0\u00bb#FFFFFF\u00a0\u00bb header_font_size=\u00a0\u00bb100px\u00a0\u00bb header_line_height=\u00a0\u00bb1.15em\u00a0\u00bb header_2_font=\u00a0\u00bbAnton||||||||\u00a0\u00bb header_2_text_color=\u00a0\u00bb#FFFFFF\u00a0\u00bb header_2_font_size=\u00a0\u00bb48px\u00a0\u00bb hover_enabled=\u00a0\u00bb0&Prime; header_font_size_tablet=\u00a0\u00bb40px\u00a0\u00bb header_font_size_phone=\u00a0\u00bb24px\u00a0\u00bb header_font_size_last_edited=\u00a0\u00bbon|desktop\u00a0\u00bb global_colors_info=\u00a0\u00bb{}\u00a0\u00bb header_text_align=\u00a0\u00bbcenter\u00a0\u00bb header_2_text_align=\u00a0\u00bbleft\u00a0\u00bb sticky_enabled=\u00a0\u00bb0&Prime;]<\/p>\n<h2 style=\"text-align: left;\">PRIVATISATION<\/h2>\n<p>[\/et_pb_text][et_pb_text _builder_version=\u00a0\u00bb4.17.6&Prime; _module_preset=\u00a0\u00bb518880c8-46c7-4ffa-b5a6-93ffa99dcc17&Prime; text_font=\u00a0\u00bbRaleway|600|||||||\u00a0\u00bb text_text_color=\u00a0\u00bb#FFFFFF\u00a0\u00bb text_font_size=\u00a0\u00bb18px\u00a0\u00bb text_line_height=\u00a0\u00bb1.65em\u00a0\u00bb width=\u00a0\u00bb60%\u00a0\u00bb width_tablet=\u00a0\u00bb100%\u00a0\u00bb width_phone=\u00a0\u00bb100%\u00a0\u00bb width_last_edited=\u00a0\u00bbon|tablet\u00a0\u00bb custom_margin=\u00a0\u00bb||60px||false|false\u00a0\u00bb text_font_size_tablet=\u00a0\u00bb16px\u00a0\u00bb text_font_size_phone=\u00a0\u00bb14px\u00a0\u00bb text_font_size_last_edited=\u00a0\u00bbon|phone\u00a0\u00bb global_colors_info=\u00a0\u00bb{}\u00a0\u00bb]<\/p>\n<p><span>Le temps d\u2019un soir ou pour un week-end, profitez de notre mas proven\u00e7al pour organiser vos \u00e9v\u00e9nements : anniversaire, bapt\u00eame, mariage, baby shower, s\u00e9minaire&#8230;<\/span><\/p>\n<p>[\/et_pb_text][et_pb_button button_url=\u00a0\u00bbhttps:\/\/www.lemasmarguerite.fr\/index.php\/contact\/\u00a0\u00bb button_text=\u00a0\u00bbRESERVEZ VOTRE DATE\u00a0\u00bb button_alignment=\u00a0\u00bbcenter\u00a0\u00bb _builder_version=\u00a0\u00bb4.27.0&Prime; _module_preset=\u00a0\u00bbdb46e67d-9505-40bb-9ebd-8901bc8b3a95&Prime; custom_button=\u00a0\u00bbon\u00a0\u00bb button_text_size=\u00a0\u00bb10px\u00a0\u00bb button_text_color=\u00a0\u00bb#FFFFFF\u00a0\u00bb button_bg_color=\u00a0\u00bb#ae8f73&Prime; button_border_width=\u00a0\u00bb2px\u00a0\u00bb button_border_radius=\u00a0\u00bb0px\u00a0\u00bb button_letter_spacing=\u00a0\u00bb0.3em\u00a0\u00bb button_font=\u00a0\u00bbOpen Sans|700||on|||||\u00a0\u00bb custom_padding=\u00a0\u00bb16px|24px|16px|24px|true|true\u00a0\u00bb global_colors_info=\u00a0\u00bb{}\u00a0\u00bb][\/et_pb_button][\/et_pb_column][et_pb_column type=\u00a0\u00bb1_4&Prime; _builder_version=\u00a0\u00bb4.17.4&Prime; _module_preset=\u00a0\u00bbdefault\u00a0\u00bb custom_padding=\u00a0\u00bb10%||||false|false\u00a0\u00bb global_colors_info=\u00a0\u00bb{}\u00a0\u00bb][et_pb_image src=\u00a0\u00bbhttps:\/\/www.lemasmarguerite.fr\/wp-content\/uploads\/2024\/11\/lemasmarguerite-salon-coworking4.jpg\u00a0\u00bb title_text=\u00a0\u00bblemasmarguerite-salon-coworking4&Prime; align=\u00a0\u00bbright\u00a0\u00bb _builder_version=\u00a0\u00bb4.27.0&Prime; _module_preset=\u00a0\u00bbdefault\u00a0\u00bb width_tablet=\u00a0\u00bb50%\u00a0\u00bb width_phone=\u00a0\u00bb50%\u00a0\u00bb width_last_edited=\u00a0\u00bbon|tablet\u00a0\u00bb global_colors_info=\u00a0\u00bb{}\u00a0\u00bb][\/et_pb_image][et_pb_image src=\u00a0\u00bbhttps:\/\/www.lemasmarguerite.fr\/wp-content\/uploads\/2024\/11\/lemasmarguerite-salon-coworking9.jpg\u00a0\u00bb title_text=\u00a0\u00bblemasmarguerite-salon-coworking9&Prime; _builder_version=\u00a0\u00bb4.26.0&Prime; _module_preset=\u00a0\u00bbdefault\u00a0\u00bb width=\u00a0\u00bb180%\u00a0\u00bb width_tablet=\u00a0\u00bb50%\u00a0\u00bb width_phone=\u00a0\u00bb50%\u00a0\u00bb width_last_edited=\u00a0\u00bbon|tablet\u00a0\u00bb custom_margin=\u00a0\u00bb|||-80%|false|false\u00a0\u00bb custom_margin_tablet=\u00a0\u00bb|||0%|false|false\u00a0\u00bb custom_margin_phone=\u00a0\u00bb|||0%|false|false\u00a0\u00bb custom_margin_last_edited=\u00a0\u00bbon|tablet\u00a0\u00bb global_colors_info=\u00a0\u00bb{}\u00a0\u00bb][\/et_pb_image][\/et_pb_column][\/et_pb_row][\/et_pb_section][et_pb_section fb_built=\u00a0\u00bb1&Prime; admin_label=\u00a0\u00bbFeatures\u00a0\u00bb _builder_version=\u00a0\u00bb4.27.0&Prime; _module_preset=\u00a0\u00bbdefault\u00a0\u00bb background_color=\u00a0\u00bb#b1ab71&Prime; min_height=\u00a0\u00bbauto\u00a0\u00bb custom_margin=\u00a0\u00bb||||false|false\u00a0\u00bb collapsed=\u00a0\u00bbon\u00a0\u00bb global_colors_info=\u00a0\u00bb{}\u00a0\u00bb][et_pb_row _builder_version=\u00a0\u00bb4.27.0&Prime; _module_preset=\u00a0\u00bbdefault\u00a0\u00bb hover_enabled=\u00a0\u00bb0&Prime; global_colors_info=\u00a0\u00bb{}\u00a0\u00bb sticky_enabled=\u00a0\u00bb0&Prime;][et_pb_column type=\u00a0\u00bb4_4&Prime; _builder_version=\u00a0\u00bb4.17.4&Prime; _module_preset=\u00a0\u00bbdefault\u00a0\u00bb global_colors_info=\u00a0\u00bb{}\u00a0\u00bb][et_pb_text _builder_version=\u00a0\u00bb4.27.0&Prime; _module_preset=\u00a0\u00bbb327cbe4-b1d5-4b66-ad37-40c8f2f061ba\u00a0\u00bb header_2_font=\u00a0\u00bbAnton|||on|||||\u00a0\u00bb header_2_text_color=\u00a0\u00bb#0d232d\u00a0\u00bb header_2_font_size=\u00a0\u00bb70px\u00a0\u00bb header_2_line_height=\u00a0\u00bb1.15em\u00a0\u00bb max_width=\u00a0\u00bb50%\u00a0\u00bb hover_enabled=\u00a0\u00bb0&Prime; header_2_font_size_tablet=\u00a0\u00bb32px\u00a0\u00bb header_2_font_size_phone=\u00a0\u00bb20px\u00a0\u00bb header_2_font_size_last_edited=\u00a0\u00bbon|phone\u00a0\u00bb global_colors_info=\u00a0\u00bb{}\u00a0\u00bb sticky_enabled=\u00a0\u00bb0&Prime;]<\/p>\n<h2 style=\"text-align: left;\"><span style=\"color: #ffffff;\">Un lieu unique \u00e0 salon de provence<\/span><\/h2>\n<p>[\/et_pb_text][\/et_pb_column][\/et_pb_row][et_pb_row column_structure=\u00a0\u00bb1_3,1_3,1_3&Prime; _builder_version=\u00a0\u00bb4.27.0&Prime; _module_preset=\u00a0\u00bbdefault\u00a0\u00bb global_colors_info=\u00a0\u00bb{}\u00a0\u00bb][et_pb_column type=\u00a0\u00bb1_3&Prime; _builder_version=\u00a0\u00bb4.17.4&Prime; _module_preset=\u00a0\u00bbdefault\u00a0\u00bb global_colors_info=\u00a0\u00bb{}\u00a0\u00bb][et_pb_image src=\u00a0\u00bbhttps:\/\/www.lemasmarguerite.fr\/wp-content\/uploads\/2024\/09\/salle-attente-mas-marguerite-1.jpg\u00a0\u00bb title_text=\u00a0\u00bbsalle attente mas marguerite\u00a0\u00bb _builder_version=\u00a0\u00bb4.26.0&Prime; _module_preset=\u00a0\u00bbdefault\u00a0\u00bb global_colors_info=\u00a0\u00bb{}\u00a0\u00bb][\/et_pb_image][et_pb_text _builder_version=\u00a0\u00bb4.27.0&Prime; _module_preset=\u00a0\u00bb7d75fe7f-5727-495a-ac6e-57afccfd3533&Prime; header_5_font=\u00a0\u00bbRoboto Condensed|700||on|||||\u00a0\u00bb header_5_text_color=\u00a0\u00bb#FFFFFF\u00a0\u00bb header_5_font_size=\u00a0\u00bb20px\u00a0\u00bb header_5_line_height=\u00a0\u00bb1.4em\u00a0\u00bb custom_margin=\u00a0\u00bb||0px||false|false\u00a0\u00bb header_5_font_size_tablet=\u00a0\u00bb15px\u00a0\u00bb header_5_font_size_phone=\u00a0\u00bb14px\u00a0\u00bb header_5_font_size_last_edited=\u00a0\u00bbon|desktop\u00a0\u00bb global_colors_info=\u00a0\u00bb{}\u00a0\u00bb]<\/p>\n<h5>Un havre de paix<\/h5>\n<p>[\/et_pb_text][et_pb_text _builder_version=\u00a0\u00bb4.17.6&Prime; _module_preset=\u00a0\u00bbe6504a1b-67eb-4b3d-b023-bcab277610b6&Prime; link_font=\u00a0\u00bb||||||||\u00a0\u00bb link_text_color=\u00a0\u00bb#AE8F73&Prime; header_4_font=\u00a0\u00bbOpen Sans|700||on|||||\u00a0\u00bb header_4_text_color=\u00a0\u00bb#AE8F73&Prime; header_4_font_size=\u00a0\u00bb12px\u00a0\u00bb header_4_letter_spacing=\u00a0\u00bb0.2em\u00a0\u00bb header_4_line_height=\u00a0\u00bb1.5em\u00a0\u00bb custom_margin=\u00a0\u00bb||0px||false|false\u00a0\u00bb global_colors_info=\u00a0\u00bb{}\u00a0\u00bb]<\/p>\n<h4><span style=\"color: #ffffff;\">Le Mas Marguerite offre un lieu de calme et de s\u00e9r\u00e9nit\u00e9 a moins de 5 minutes du centre ville.<\/span><\/h4>\n<p>[\/et_pb_text][\/et_pb_column][et_pb_column type=\u00a0\u00bb1_3&Prime; _builder_version=\u00a0\u00bb4.17.4&Prime; _module_preset=\u00a0\u00bbdefault\u00a0\u00bb global_colors_info=\u00a0\u00bb{}\u00a0\u00bb][et_pb_image src=\u00a0\u00bbhttps:\/\/www.lemasmarguerite.fr\/wp-content\/uploads\/2024\/11\/lemasmarguerite-salon-coworking4.jpg\u00a0\u00bb title_text=\u00a0\u00bblemasmarguerite-salon-coworking4&Prime; _builder_version=\u00a0\u00bb4.27.0&Prime; _module_preset=\u00a0\u00bbdefault\u00a0\u00bb custom_margin=\u00a0\u00bb-15%||||false|false\u00a0\u00bb custom_margin_tablet=\u00a0\u00bb5%||||false|false\u00a0\u00bb custom_margin_phone=\u00a0\u00bb5%||||false|false\u00a0\u00bb custom_margin_last_edited=\u00a0\u00bbon|tablet\u00a0\u00bb locked=\u00a0\u00bboff\u00a0\u00bb global_colors_info=\u00a0\u00bb{}\u00a0\u00bb][\/et_pb_image][et_pb_text _builder_version=\u00a0\u00bb4.27.0&Prime; _module_preset=\u00a0\u00bb7d75fe7f-5727-495a-ac6e-57afccfd3533&Prime; header_5_font=\u00a0\u00bbRoboto Condensed|700||on|||||\u00a0\u00bb header_5_text_color=\u00a0\u00bb#0d232d\u00a0\u00bb header_5_font_size=\u00a0\u00bb20px\u00a0\u00bb header_5_line_height=\u00a0\u00bb1.4em\u00a0\u00bb custom_margin=\u00a0\u00bb||0px||false|false\u00a0\u00bb header_5_font_size_tablet=\u00a0\u00bb15px\u00a0\u00bb header_5_font_size_phone=\u00a0\u00bb14px\u00a0\u00bb header_5_font_size_last_edited=\u00a0\u00bbon|desktop\u00a0\u00bb locked=\u00a0\u00bboff\u00a0\u00bb global_colors_info=\u00a0\u00bb{}\u00a0\u00bb]<\/p>\n<h5><span style=\"color: #ffffff;\">un coin de nature<\/span><\/h5>\n<p>[\/et_pb_text][et_pb_text _builder_version=\u00a0\u00bb4.17.6&Prime; _module_preset=\u00a0\u00bbe6504a1b-67eb-4b3d-b023-bcab277610b6&Prime; link_font=\u00a0\u00bb||||||||\u00a0\u00bb link_text_color=\u00a0\u00bb#AE8F73&Prime; header_4_font=\u00a0\u00bbOpen Sans|700||on|||||\u00a0\u00bb header_4_text_color=\u00a0\u00bb#AE8F73&Prime; header_4_font_size=\u00a0\u00bb12px\u00a0\u00bb header_4_letter_spacing=\u00a0\u00bb0.2em\u00a0\u00bb header_4_line_height=\u00a0\u00bb1.5em\u00a0\u00bb custom_margin=\u00a0\u00bb||0px||false|false\u00a0\u00bb locked=\u00a0\u00bboff\u00a0\u00bb global_colors_info=\u00a0\u00bb{}\u00a0\u00bb]<\/p>\n<h4><span style=\"color: #ffffff;\">Les jardins luxuriants, parfaits pour une pause sous les arbres fruitiers.<\/span><\/h4>\n<p>[\/et_pb_text][\/et_pb_column][et_pb_column type=\u00a0\u00bb1_3&Prime; _builder_version=\u00a0\u00bb4.17.4&Prime; _module_preset=\u00a0\u00bbdefault\u00a0\u00bb global_colors_info=\u00a0\u00bb{}\u00a0\u00bb][et_pb_image src=\u00a0\u00bbhttps:\/\/www.lemasmarguerite.fr\/wp-content\/uploads\/2024\/11\/lemasmarguerite-salon-coworking6.png\u00a0\u00bb title_text=\u00a0\u00bblemasmarguerite-salon-coworking6&Prime; _builder_version=\u00a0\u00bb4.27.0&Prime; _module_preset=\u00a0\u00bbdefault\u00a0\u00bb custom_margin=\u00a0\u00bb-30%||||false|false\u00a0\u00bb custom_margin_tablet=\u00a0\u00bb5%||||false|false\u00a0\u00bb custom_margin_phone=\u00a0\u00bb5%||||false|false\u00a0\u00bb custom_margin_last_edited=\u00a0\u00bbon|tablet\u00a0\u00bb locked=\u00a0\u00bboff\u00a0\u00bb global_colors_info=\u00a0\u00bb{}\u00a0\u00bb][\/et_pb_image][et_pb_text _builder_version=\u00a0\u00bb4.27.0&Prime; _module_preset=\u00a0\u00bb7d75fe7f-5727-495a-ac6e-57afccfd3533&Prime; header_5_font=\u00a0\u00bbRoboto Condensed|700||on|||||\u00a0\u00bb header_5_text_color=\u00a0\u00bb#0d232d\u00a0\u00bb header_5_font_size=\u00a0\u00bb20px\u00a0\u00bb header_5_line_height=\u00a0\u00bb1.4em\u00a0\u00bb custom_margin=\u00a0\u00bb||0px||false|false\u00a0\u00bb header_5_font_size_tablet=\u00a0\u00bb15px\u00a0\u00bb header_5_font_size_phone=\u00a0\u00bb14px\u00a0\u00bb header_5_font_size_last_edited=\u00a0\u00bbon|desktop\u00a0\u00bb locked=\u00a0\u00bboff\u00a0\u00bb global_colors_info=\u00a0\u00bb{}\u00a0\u00bb]<\/p>\n<h5><span style=\"color: #ffffff;\">douceur de Provence<\/span><\/h5>\n<p>[\/et_pb_text][et_pb_text _builder_version=\u00a0\u00bb4.17.6&Prime; _module_preset=\u00a0\u00bbe6504a1b-67eb-4b3d-b023-bcab277610b6&Prime; link_font=\u00a0\u00bb||||||||\u00a0\u00bb link_text_color=\u00a0\u00bb#AE8F73&Prime; header_4_font=\u00a0\u00bbOpen Sans|700||on|||||\u00a0\u00bb header_4_text_color=\u00a0\u00bb#AE8F73&Prime; header_4_font_size=\u00a0\u00bb12px\u00a0\u00bb header_4_letter_spacing=\u00a0\u00bb0.2em\u00a0\u00bb header_4_line_height=\u00a0\u00bb1.5em\u00a0\u00bb custom_margin=\u00a0\u00bb||0px||false|false\u00a0\u00bb locked=\u00a0\u00bboff\u00a0\u00bb global_colors_info=\u00a0\u00bb{}\u00a0\u00bb]<\/p>\n<h4><span style=\"color: #ffffff;\">Un endroit id\u00e9al pour savourer l&rsquo;art de vivre proven\u00e7al, entre ombre et chaleur.<\/span><\/h4>\n<p>[\/et_pb_text][\/et_pb_column][\/et_pb_row][\/et_pb_section][et_pb_section fb_built=\u00a0\u00bb1&Prime; admin_label=\u00a0\u00bbText\u00a0\u00bb _builder_version=\u00a0\u00bb4.27.0&Prime; _module_preset=\u00a0\u00bbdefault\u00a0\u00bb background_image=\u00a0\u00bbhttps:\/\/www.lemasmarguerite.fr\/wp-content\/uploads\/2025\/05\/MAS-MARGUERITE-4.jpg\u00a0\u00bb parallax=\u00a0\u00bbon\u00a0\u00bb custom_padding=\u00a0\u00bb10%||10%||true|false\u00a0\u00bb locked=\u00a0\u00bboff\u00a0\u00bb collapsed=\u00a0\u00bbon\u00a0\u00bb global_colors_info=\u00a0\u00bb{}\u00a0\u00bb][et_pb_row _builder_version=\u00a0\u00bb4.17.6&Prime; _module_preset=\u00a0\u00bbdefault\u00a0\u00bb global_colors_info=\u00a0\u00bb{}\u00a0\u00bb][et_pb_column type=\u00a0\u00bb4_4&Prime; _builder_version=\u00a0\u00bb4.17.6&Prime; _module_preset=\u00a0\u00bbdefault\u00a0\u00bb global_colors_info=\u00a0\u00bb{}\u00a0\u00bb][et_pb_text _builder_version=\u00a0\u00bb4.17.6&Prime; _module_preset=\u00a0\u00bbcd2a4f54-9dd5-4b81-94d9-ec2d214579c1&Prime; header_2_font=\u00a0\u00bbRoboto Condensed|300||on|||||\u00a0\u00bb header_2_text_color=\u00a0\u00bb#FFFFFF\u00a0\u00bb header_2_font_size=\u00a0\u00bb150px\u00a0\u00bb header_2_line_height=\u00a0\u00bb1.15em\u00a0\u00bb text_orientation=\u00a0\u00bbcenter\u00a0\u00bb header_2_font_size_tablet=\u00a0\u00bb50px\u00a0\u00bb header_2_font_size_phone=\u00a0\u00bb30px\u00a0\u00bb header_2_font_size_last_edited=\u00a0\u00bbon|phone\u00a0\u00bb global_colors_info=\u00a0\u00bb{}\u00a0\u00bb]<\/p>\n<h2>L&rsquo;ART DE VIVRE<\/h2>\n<h2><strong>PROVEN\u00e7al<\/strong><\/h2>\n<p>[\/et_pb_text][\/et_pb_column][\/et_pb_row][\/et_pb_section][et_pb_section fb_built=\u00a0\u00bb1&Prime; admin_label=\u00a0\u00bbFAQ\u00a0\u00bb _builder_version=\u00a0\u00bb4.27.0&Prime; _module_preset=\u00a0\u00bbdefault\u00a0\u00bb background_color=\u00a0\u00bb#FFFFFF\u00a0\u00bb collapsed=\u00a0\u00bbon\u00a0\u00bb global_colors_info=\u00a0\u00bb{}\u00a0\u00bb][et_pb_row column_structure=\u00a0\u00bb1_2,1_2&Prime; _builder_version=\u00a0\u00bb4.17.4&Prime; _module_preset=\u00a0\u00bbdefault\u00a0\u00bb global_colors_info=\u00a0\u00bb{}\u00a0\u00bb][et_pb_column type=\u00a0\u00bb1_2&Prime; _builder_version=\u00a0\u00bb4.17.4&Prime; _module_preset=\u00a0\u00bbdefault\u00a0\u00bb global_colors_info=\u00a0\u00bb{}\u00a0\u00bb][et_pb_image src=\u00a0\u00bbhttps:\/\/www.lemasmarguerite.fr\/wp-content\/uploads\/2024\/11\/lasmasmarguerite-salon-coworking3.png\u00a0\u00bb title_text=\u00a0\u00bblasmasmarguerite-salon-coworking3&Prime; _builder_version=\u00a0\u00bb4.27.0&Prime; _module_preset=\u00a0\u00bbdefault\u00a0\u00bb global_colors_info=\u00a0\u00bb{}\u00a0\u00bb][\/et_pb_image][\/et_pb_column][et_pb_column type=\u00a0\u00bb1_2&Prime; _builder_version=\u00a0\u00bb4.17.4&Prime; _module_preset=\u00a0\u00bbdefault\u00a0\u00bb global_colors_info=\u00a0\u00bb{}\u00a0\u00bb][et_pb_text _builder_version=\u00a0\u00bb4.17.4&Prime; _module_preset=\u00a0\u00bbb327cbe4-b1d5-4b66-ad37-40c8f2f061ba\u00a0\u00bb header_2_font=\u00a0\u00bbAnton|||on|||||\u00a0\u00bb header_2_text_color=\u00a0\u00bb#0d232d\u00a0\u00bb header_2_font_size=\u00a0\u00bb70px\u00a0\u00bb header_2_line_height=\u00a0\u00bb1.15em\u00a0\u00bb header_2_font_size_tablet=\u00a0\u00bb32px\u00a0\u00bb header_2_font_size_phone=\u00a0\u00bb20px\u00a0\u00bb header_2_font_size_last_edited=\u00a0\u00bbon|phone\u00a0\u00bb global_colors_info=\u00a0\u00bb{}\u00a0\u00bb]<\/p>\n<h2><span style=\"color: #ffffff;\">Nos Prestations ?<\/span><\/h2>\n<p>[\/et_pb_text][et_pb_accordion open_toggle_text_color=\u00a0\u00bb#AE8F73&Prime; open_toggle_background_color=\u00a0\u00bb#FFFFFF\u00a0\u00bb closed_toggle_background_color=\u00a0\u00bbRGBA(255,255,255,0)\u00a0\u00bb toggle_icon=\u00a0\u00bb&#x4c;||divi||400&Prime; icon_color=\u00a0\u00bb#0D291F\u00a0\u00bb _builder_version=\u00a0\u00bb4.17.6&Prime; _module_preset=\u00a0\u00bbb9784c72-3a73-4999-b746-23bd451aa0d9&Prime; toggle_text_color=\u00a0\u00bb#AE8F73&Prime; toggle_font=\u00a0\u00bbRoboto Condensed|700||on|||||\u00a0\u00bb toggle_font_size=\u00a0\u00bb20px\u00a0\u00bb toggle_line_height=\u00a0\u00bb1.4em\u00a0\u00bb body_font=\u00a0\u00bbRaleway|500|||||||\u00a0\u00bb body_text_color=\u00a0\u00bb#000000&Prime; body_font_size=\u00a0\u00bb17px\u00a0\u00bb body_line_height=\u00a0\u00bb1.75em\u00a0\u00bb toggle_font_size_tablet=\u00a0\u00bb18px\u00a0\u00bb toggle_font_size_phone=\u00a0\u00bb16px\u00a0\u00bb toggle_font_size_last_edited=\u00a0\u00bbon|desktop\u00a0\u00bb body_font_size_tablet=\u00a0\u00bb15px\u00a0\u00bb body_font_size_phone=\u00a0\u00bb14px\u00a0\u00bb body_font_size_last_edited=\u00a0\u00bbon|desktop\u00a0\u00bb border_width_all=\u00a0\u00bb2px\u00a0\u00bb border_color_all=\u00a0\u00bbrgba(13,41,31,0.1)\u00a0\u00bb locked=\u00a0\u00bboff\u00a0\u00bb global_colors_info=\u00a0\u00bb{}\u00a0\u00bb][et_pb_accordion_item title=\u00a0\u00bbPrivatisation pour une journ\u00e9e\/soir\u00e9e\u00a0\u00bb open=\u00a0\u00bbon\u00a0\u00bb _builder_version=\u00a0\u00bb4.17.6&Prime; _module_preset=\u00a0\u00bbdefault\u00a0\u00bb global_colors_info=\u00a0\u00bb{}\u00a0\u00bb]<\/p>\n<p><span>Vous souhaitez privatiser le Mas Marguerite pour une journ\u00e9e ou une soir\u00e9e, \u00e0 l\u2019occasion d\u2019un anniversaire, d\u2019un bapt\u00eame, d\u2019un s\u00e9minaire ou d\u2019un \u00e9v\u00e9nement particulier ? Maison Marguerite vous propose un lieu d\u2019exception nich\u00e9 dans un \u00e9crin de verdure, en plein c\u0153ur de Salon-de-Provence.<\/span><\/p>\n<p>[\/et_pb_accordion_item][et_pb_accordion_item title=\u00a0\u00bbprivatisation pour un week end\u00a0\u00bb _builder_version=\u00a0\u00bb4.17.6&Prime; _module_preset=\u00a0\u00bbdefault\u00a0\u00bb global_colors_info=\u00a0\u00bb{}\u00a0\u00bb open=\u00a0\u00bboff\u00a0\u00bb]<\/p>\n<p><span>Si vous souhaitez privatiser le Mas Marguerite pour une p\u00e9riode plus longue, c\u2019est possible aussi ! Vous pouvez privatiser notre mas proven\u00e7al pour tout un week-end. Nous ne proposons pas d\u2019h\u00e9bergement sur place, mais nous collaborons avec diff\u00e9rents partenaires h\u00f4teliers qui vous accueilleront avec le plus grand soin.<\/span><\/p>\n<p>[\/et_pb_accordion_item][et_pb_accordion_item title=\u00a0\u00bbNos prestations\u00a0\u00bb _builder_version=\u00a0\u00bb4.17.6&Prime; _module_preset=\u00a0\u00bbdefault\u00a0\u00bb global_colors_info=\u00a0\u00bb{}\u00a0\u00bb open=\u00a0\u00bboff\u00a0\u00bb]<\/p>\n<p><span>Nous proposons un lieu cl\u00e9 en main avec toutes les prestations n\u00e9cessaires au succ\u00e8s de votre \u00e9v\u00e9nement : un jardin de plus de 1 800 m\u00b2, un bar ext\u00e9rieur, une d\u00e9coration soign\u00e9e et cosy. Nous pouvons \u00e9galement vous proposer la partie traiteur et animation, en collaboration avec l\u2019un de nos nombreux partenaires, tous experts et professionnels.<\/span><\/p>\n<p>[\/et_pb_accordion_item][\/et_pb_accordion][\/et_pb_column][\/et_pb_row][\/et_pb_section][et_pb_section fb_built=\u00a0\u00bb1&Prime; admin_label=\u00a0\u00bbFooter\u00a0\u00bb _builder_version=\u00a0\u00bb4.27.0&Prime; _module_preset=\u00a0\u00bbdefault\u00a0\u00bb background_color=\u00a0\u00bb#FFFFFF\u00a0\u00bb min_height=\u00a0\u00bb370.4px\u00a0\u00bb custom_margin=\u00a0\u00bb-39px|||||\u00a0\u00bb custom_padding=\u00a0\u00bb||49px||false|false\u00a0\u00bb saved_tabs=\u00a0\u00bball\u00a0\u00bb locked=\u00a0\u00bboff\u00a0\u00bb collapsed=\u00a0\u00bbon\u00a0\u00bb global_colors_info=\u00a0\u00bb{}\u00a0\u00bb][et_pb_row column_structure=\u00a0\u00bb1_4,1_2,1_4&Prime; _builder_version=\u00a0\u00bb4.17.6&Prime; _module_preset=\u00a0\u00bbdefault\u00a0\u00bb global_colors_info=\u00a0\u00bb{}\u00a0\u00bb][et_pb_column type=\u00a0\u00bb1_4&Prime; _builder_version=\u00a0\u00bb4.17.4&Prime; _module_preset=\u00a0\u00bbdefault\u00a0\u00bb global_colors_info=\u00a0\u00bb{}\u00a0\u00bb][et_pb_text _builder_version=\u00a0\u00bb4.17.4&Prime; _module_preset=\u00a0\u00bbe6504a1b-67eb-4b3d-b023-bcab277610b6&Prime; link_font=\u00a0\u00bb||||||||\u00a0\u00bb link_text_color=\u00a0\u00bb#AE8F73&Prime; header_4_font=\u00a0\u00bbOpen Sans|700||on|||||\u00a0\u00bb header_4_text_color=\u00a0\u00bb#AE8F73&Prime; header_4_font_size=\u00a0\u00bb12px\u00a0\u00bb header_4_letter_spacing=\u00a0\u00bb0.2em\u00a0\u00bb header_4_line_height=\u00a0\u00bb1.5em\u00a0\u00bb custom_margin=\u00a0\u00bb||10px||false|false\u00a0\u00bb locked=\u00a0\u00bboff\u00a0\u00bb global_colors_info=\u00a0\u00bb{}\u00a0\u00bb]<\/p>\n<h4>Get Started<\/h4>\n<p>[\/et_pb_text][et_pb_text _builder_version=\u00a0\u00bb4.27.0&Prime; _module_preset=\u00a0\u00bb4c43b4b6-66bf-432d-959a-705bda24a650&Prime; text_font=\u00a0\u00bbRaleway|500|||||||\u00a0\u00bb text_text_color=\u00a0\u00bb#0D232D\u00a0\u00bb text_line_height=\u00a0\u00bb1.65em\u00a0\u00bb link_text_color=\u00a0\u00bb#000000&Prime; custom_margin=\u00a0\u00bb||10px||false|false\u00a0\u00bb header_font_size_tablet=\u00a0\u00bb55px\u00a0\u00bb header_font_size_last_edited=\u00a0\u00bboff|desktop\u00a0\u00bb global_colors_info=\u00a0\u00bb{}\u00a0\u00bb]<\/p>\n<p><a href=\"https:\/\/www.lemasmarguerite.fr\/index.php\/coworking\/\">Espace Coworking<\/a><\/p>\n<p>[\/et_pb_text][et_pb_text _builder_version=\u00a0\u00bb4.27.0&Prime; _module_preset=\u00a0\u00bb4c43b4b6-66bf-432d-959a-705bda24a650&Prime; text_font=\u00a0\u00bbRaleway|500|||||||\u00a0\u00bb text_text_color=\u00a0\u00bb#0D232D\u00a0\u00bb text_line_height=\u00a0\u00bb1.65em\u00a0\u00bb link_text_color=\u00a0\u00bb#000000&Prime; custom_margin=\u00a0\u00bb||10px||false|false\u00a0\u00bb header_font_size_tablet=\u00a0\u00bb55px\u00a0\u00bb header_font_size_last_edited=\u00a0\u00bboff|desktop\u00a0\u00bb global_colors_info=\u00a0\u00bb{}\u00a0\u00bb]<\/p>\n<p><a href=\"https:\/\/www.lemasmarguerite.fr\/index.php\/tarifs-salles-de-reunion\/\">Salle de r\u00e9union<\/a><\/p>\n<p>[\/et_pb_text][et_pb_text _builder_version=\u00a0\u00bb4.27.0&Prime; _module_preset=\u00a0\u00bb4c43b4b6-66bf-432d-959a-705bda24a650&Prime; text_font=\u00a0\u00bbRaleway|500|||||||\u00a0\u00bb text_text_color=\u00a0\u00bb#0D232D\u00a0\u00bb text_line_height=\u00a0\u00bb1.65em\u00a0\u00bb link_text_color=\u00a0\u00bb#000000&Prime; custom_margin=\u00a0\u00bb||10px||false|false\u00a0\u00bb header_font_size_tablet=\u00a0\u00bb55px\u00a0\u00bb header_font_size_last_edited=\u00a0\u00bboff|desktop\u00a0\u00bb global_colors_info=\u00a0\u00bb{}\u00a0\u00bb]<\/p>\n<p><a href=\"https:\/\/www.lemasmarguerite.fr\/index.php\/privatisation-evenementielle\/\">Privatisation &amp; Ev\u00e9nement<\/a><\/p>\n<p>[\/et_pb_text][et_pb_text _builder_version=\u00a0\u00bb4.27.0&Prime; _module_preset=\u00a0\u00bb4c43b4b6-66bf-432d-959a-705bda24a650&Prime; text_font=\u00a0\u00bbRaleway|500|||||||\u00a0\u00bb text_text_color=\u00a0\u00bb#0D232D\u00a0\u00bb text_line_height=\u00a0\u00bb1.65em\u00a0\u00bb link_text_color=\u00a0\u00bb#000000&Prime; custom_margin=\u00a0\u00bb||10px||false|false\u00a0\u00bb header_font_size_tablet=\u00a0\u00bb55px\u00a0\u00bb header_font_size_last_edited=\u00a0\u00bboff|desktop\u00a0\u00bb locked=\u00a0\u00bboff\u00a0\u00bb global_colors_info=\u00a0\u00bb{}\u00a0\u00bb]<\/p>\n<p><a href=\"https:\/\/www.lemasmarguerite.fr\/index.php\/contact\/\">Contactez nous<\/a><\/p>\n<p>[\/et_pb_text][\/et_pb_column][et_pb_column type=\u00a0\u00bb1_2&Prime; _builder_version=\u00a0\u00bb4.17.4&Prime; _module_preset=\u00a0\u00bbdefault\u00a0\u00bb global_colors_info=\u00a0\u00bb{}\u00a0\u00bb][et_pb_text _builder_version=\u00a0\u00bb4.17.4&Prime; _module_preset=\u00a0\u00bbe6504a1b-67eb-4b3d-b023-bcab277610b6&Prime; link_font=\u00a0\u00bb||||||||\u00a0\u00bb link_text_color=\u00a0\u00bb#AE8F73&Prime; header_4_font=\u00a0\u00bbOpen Sans|700||on|||||\u00a0\u00bb header_4_text_color=\u00a0\u00bb#AE8F73&Prime; header_4_font_size=\u00a0\u00bb12px\u00a0\u00bb header_4_letter_spacing=\u00a0\u00bb0.2em\u00a0\u00bb header_4_line_height=\u00a0\u00bb1.5em\u00a0\u00bb custom_margin=\u00a0\u00bb||0px||false|false\u00a0\u00bb locked=\u00a0\u00bboff\u00a0\u00bb global_colors_info=\u00a0\u00bb{}\u00a0\u00bb]<\/p>\n<h4>Newsletter<\/h4>\n<p>[\/et_pb_text][et_pb_signup mailchimp_list=\u00a0\u00bbundefined|elegantthemestest|1ea2bbd026&Prime; layout=\u00a0\u00bbtop_bottom\u00a0\u00bb first_name_field=\u00a0\u00bboff\u00a0\u00bb last_name_field=\u00a0\u00bboff\u00a0\u00bb button_text=\u00a0\u00bbS&rsquo;ABONNER\u00a0\u00bb _builder_version=\u00a0\u00bb4.26.0&Prime; _module_preset=\u00a0\u00bb574985c8-71fd-4549-824b-0dd9379d7686&Prime; form_field_background_color=\u00a0\u00bbRGBA(255,255,255,0)\u00a0\u00bb form_field_text_color=\u00a0\u00bb#000000&Prime; form_field_custom_padding=\u00a0\u00bb16px|0px|16px|0px|true|true\u00a0\u00bb form_field_font=\u00a0\u00bbRaleway|500|||||||\u00a0\u00bb background_enable_color=\u00a0\u00bboff\u00a0\u00bb use_background_color=\u00a0\u00bboff\u00a0\u00bb custom_button=\u00a0\u00bbon\u00a0\u00bb button_text_size=\u00a0\u00bb12px\u00a0\u00bb button_text_color=\u00a0\u00bb#FFFFFF\u00a0\u00bb button_bg_color=\u00a0\u00bb#AE8F73&Prime; button_border_width=\u00a0\u00bb0px\u00a0\u00bb button_border_radius=\u00a0\u00bb0px\u00a0\u00bb button_letter_spacing=\u00a0\u00bb0.5em\u00a0\u00bb button_font=\u00a0\u00bbOpen Sans|700||on|||||\u00a0\u00bb button_custom_padding=\u00a0\u00bb16px|24px|16px|24px|true|true\u00a0\u00bb border_radii_fields=\u00a0\u00bbon|0px|0px|0px|0px\u00a0\u00bb border_color_all_fields=\u00a0\u00bb#0D291F\u00a0\u00bb border_width_bottom_fields=\u00a0\u00bb1px\u00a0\u00bb locked=\u00a0\u00bboff\u00a0\u00bb global_colors_info=\u00a0\u00bb{}\u00a0\u00bb][\/et_pb_signup][\/et_pb_column][et_pb_column type=\u00a0\u00bb1_4&Prime; _builder_version=\u00a0\u00bb4.17.4&Prime; _module_preset=\u00a0\u00bbdefault\u00a0\u00bb global_colors_info=\u00a0\u00bb{}\u00a0\u00bb][et_pb_text _builder_version=\u00a0\u00bb4.26.0&Prime; _module_preset=\u00a0\u00bbe6504a1b-67eb-4b3d-b023-bcab277610b6&Prime; link_font=\u00a0\u00bb||||||||\u00a0\u00bb link_text_color=\u00a0\u00bb#AE8F73&Prime; header_4_font=\u00a0\u00bbOpen Sans|700||on|||||\u00a0\u00bb header_4_text_color=\u00a0\u00bb#AE8F73&Prime; header_4_font_size=\u00a0\u00bb12px\u00a0\u00bb header_4_letter_spacing=\u00a0\u00bb0.2em\u00a0\u00bb header_4_line_height=\u00a0\u00bb1.5em\u00a0\u00bb custom_margin=\u00a0\u00bb||0px||false|false\u00a0\u00bb global_colors_info=\u00a0\u00bb{}\u00a0\u00bb]<\/p>\n<h4>Suivez nos aventures<\/h4>\n<p>[\/et_pb_text][et_pb_social_media_follow icon_color=\u00a0\u00bb#0D232D\u00a0\u00bb use_icon_font_size=\u00a0\u00bbon\u00a0\u00bb icon_font_size=\u00a0\u00bb24px\u00a0\u00bb _builder_version=\u00a0\u00bb4.27.0&Prime; _module_preset=\u00a0\u00bbdefault\u00a0\u00bb global_colors_info=\u00a0\u00bb{}\u00a0\u00bb][et_pb_social_media_follow_network social_network=\u00a0\u00bbfacebook\u00a0\u00bb url=\u00a0\u00bbhttps:\/\/www.facebook.com\/lemasmarguerite\u00a0\u00bb _builder_version=\u00a0\u00bb4.27.0&Prime; _module_preset=\u00a0\u00bbdefault\u00a0\u00bb global_colors_info=\u00a0\u00bb{}\u00a0\u00bb follow_button=\u00a0\u00bboff\u00a0\u00bb url_new_window=\u00a0\u00bbon\u00a0\u00bb]facebook[\/et_pb_social_media_follow_network][et_pb_social_media_follow_network social_network=\u00a0\u00bbinstagram\u00a0\u00bb url=\u00a0\u00bbhttps:\/\/www.instagram.com\/le_mas_marguerite\/\u00a0\u00bb _builder_version=\u00a0\u00bb4.27.0&Prime; _module_preset=\u00a0\u00bbdefault\u00a0\u00bb global_colors_info=\u00a0\u00bb{}\u00a0\u00bb follow_button=\u00a0\u00bboff\u00a0\u00bb url_new_window=\u00a0\u00bbon\u00a0\u00bb]instagram[\/et_pb_social_media_follow_network][et_pb_social_media_follow_network social_network=\u00a0\u00bblinkedin\u00a0\u00bb url=\u00a0\u00bbhttps:\/\/www.linkedin.com\/company\/le-mas-marguerite?trk=public_post_main-feed-card_reshare-text\u00a0\u00bb _builder_version=\u00a0\u00bb4.27.0&Prime; _module_preset=\u00a0\u00bbdefault\u00a0\u00bb background_color=\u00a0\u00bbRGBA(255,255,255,0)\u00a0\u00bb background_enable_color=\u00a0\u00bbon\u00a0\u00bb global_colors_info=\u00a0\u00bb{}\u00a0\u00bb follow_button=\u00a0\u00bboff\u00a0\u00bb url_new_window=\u00a0\u00bbon\u00a0\u00bb]linkedin[\/et_pb_social_media_follow_network][\/et_pb_social_media_follow][\/et_pb_column][\/et_pb_row][et_pb_row _builder_version=\u00a0\u00bb4.17.4&Prime; _module_preset=\u00a0\u00bbdefault\u00a0\u00bb global_colors_info=\u00a0\u00bb{}\u00a0\u00bb][et_pb_column type=\u00a0\u00bb4_4&Prime; _builder_version=\u00a0\u00bb4.17.4&Prime; _module_preset=\u00a0\u00bbdefault\u00a0\u00bb global_colors_info=\u00a0\u00bb{}\u00a0\u00bb][et_pb_text _builder_version=\u00a0\u00bb4.26.0&Prime; _dynamic_attributes=\u00a0\u00bbcontent\u00a0\u00bb _module_preset=\u00a0\u00bb4c43b4b6-66bf-432d-959a-705bda24a650&Prime; text_font=\u00a0\u00bbRaleway|500|||||||\u00a0\u00bb text_text_color=\u00a0\u00bb#0D232D\u00a0\u00bb text_line_height=\u00a0\u00bb1.65em\u00a0\u00bb text_orientation=\u00a0\u00bbcenter\u00a0\u00bb header_font_size_tablet=\u00a0\u00bb55px\u00a0\u00bb header_font_size_last_edited=\u00a0\u00bboff|desktop\u00a0\u00bb text_orientation_tablet=\u00a0\u00bbleft\u00a0\u00bb text_orientation_phone=\u00a0\u00bb\u00a0\u00bb text_orientation_last_edited=\u00a0\u00bbon|tablet\u00a0\u00bb global_colors_info=\u00a0\u00bb{}\u00a0\u00bb]@ET-DC@eyJkeW5hbWljIjp0cnVlLCJjb250ZW50IjoiY3VycmVudF9kYXRlIiwic2V0dGluZ3MiOnsiYmVmb3JlIjoiQ29weXJpZ2h0ICZjb3B5OyAiLCJhZnRlciI6Ik1hcyBNYXJndWVyaXRlIiwiZGF0ZV9mb3JtYXQiOiJjdXN0b20iLCJjdXN0b21fZGF0ZV9mb3JtYXQiOiJZICJ9fQ==@[\/et_pb_text][\/et_pb_column][\/et_pb_row][\/et_pb_section]<\/p>\n","protected":false},"excerpt":{"rendered":"<p>PRIVATISATIONLe temps d\u2019un soir ou pour un week-end, profitez de notre mas proven\u00e7al pour organiser vos \u00e9v\u00e9nements : anniversaire, bapt\u00eame, mariage, baby shower, s\u00e9minaire&#8230;Un lieu unique \u00e0 salon de provenceUn havre de paixLe Mas Marguerite offre un lieu de calme et de s\u00e9r\u00e9nit\u00e9 a moins de 5 minutes du centre ville.un coin de natureLes jardins [&hellip;]<\/p>\n","protected":false},"author":1,"featured_media":0,"parent":0,"menu_order":0,"comment_status":"closed","ping_status":"closed","template":"","meta":{"_et_pb_use_builder":"on","_et_pb_old_content":"<!-- wp:divi\/placeholder \/-->","_et_gb_content_width":"","footnotes":""},"class_list":["post-42","page","type-page","status-publish","hentry"],"yoast_head":"<!-- This site is optimized with the Yoast SEO plugin v25.8 - https:\/\/yoast.com\/wordpress\/plugins\/seo\/ -->\n<title>Privatisation &amp; \u00c9v\u00e8nement - Le Mas Marguerite<\/title>\n<meta name=\"robots\" content=\"index, follow, max-snippet:-1, max-image-preview:large, max-video-preview:-1\" \/>\n<link rel=\"canonical\" href=\"https:\/\/www.lemasmarguerite.fr\/index.php\/privatisation-evenementielle\/\" \/>\n<meta property=\"og:locale\" content=\"fr_FR\" \/>\n<meta property=\"og:type\" content=\"article\" \/>\n<meta property=\"og:title\" content=\"Privatisation &amp; \u00c9v\u00e8nement - Le Mas Marguerite\" \/>\n<meta property=\"og:description\" content=\"PRIVATISATIONLe temps d\u2019un soir ou pour un week-end, profitez de notre mas proven\u00e7al pour organiser vos \u00e9v\u00e9nements : anniversaire, bapt\u00eame, mariage, baby shower, s\u00e9minaire...Un lieu unique \u00e0 salon de provenceUn havre de paixLe Mas Marguerite offre un lieu de calme et de s\u00e9r\u00e9nit\u00e9 a moins de 5 minutes du centre ville.un coin de natureLes jardins [&hellip;]\" \/>\n<meta property=\"og:url\" content=\"https:\/\/www.lemasmarguerite.fr\/index.php\/privatisation-evenementielle\/\" \/>\n<meta property=\"og:site_name\" content=\"Le Mas Marguerite\" \/>\n<meta property=\"article:publisher\" content=\"https:\/\/www.facebook.com\/lemasmarguerite\" \/>\n<meta property=\"article:modified_time\" content=\"2026-01-23T15:24:36+00:00\" \/>\n<meta name=\"twitter:card\" content=\"summary_large_image\" \/>\n<meta name=\"twitter:label1\" content=\"Dur\u00e9e de lecture estim\u00e9e\" \/>\n\t<meta name=\"twitter:data1\" content=\"14 minutes\" \/>\n<script type=\"application\/ld+json\" class=\"yoast-schema-graph\">{\"@context\":\"https:\/\/schema.org\",\"@graph\":[{\"@type\":\"WebPage\",\"@id\":\"https:\/\/www.lemasmarguerite.fr\/index.php\/privatisation-evenementielle\/\",\"url\":\"https:\/\/www.lemasmarguerite.fr\/index.php\/privatisation-evenementielle\/\",\"name\":\"Privatisation &amp; \u00c9v\u00e8nement - Le Mas Marguerite\",\"isPartOf\":{\"@id\":\"https:\/\/www.lemasmarguerite.fr\/#website\"},\"datePublished\":\"2024-07-09T17:01:59+00:00\",\"dateModified\":\"2026-01-23T15:24:36+00:00\",\"breadcrumb\":{\"@id\":\"https:\/\/www.lemasmarguerite.fr\/index.php\/privatisation-evenementielle\/#breadcrumb\"},\"inLanguage\":\"fr-FR\",\"potentialAction\":[{\"@type\":\"ReadAction\",\"target\":[\"https:\/\/www.lemasmarguerite.fr\/index.php\/privatisation-evenementielle\/\"]}]},{\"@type\":\"BreadcrumbList\",\"@id\":\"https:\/\/www.lemasmarguerite.fr\/index.php\/privatisation-evenementielle\/#breadcrumb\",\"itemListElement\":[{\"@type\":\"ListItem\",\"position\":1,\"name\":\"Accueil\",\"item\":\"https:\/\/www.lemasmarguerite.fr\/\"},{\"@type\":\"ListItem\",\"position\":2,\"name\":\"Privatisation &amp; \u00c9v\u00e8nement\"}]},{\"@type\":\"WebSite\",\"@id\":\"https:\/\/www.lemasmarguerite.fr\/#website\",\"url\":\"https:\/\/www.lemasmarguerite.fr\/\",\"name\":\"Le Mas Marguerite\",\"description\":\"\",\"potentialAction\":[{\"@type\":\"SearchAction\",\"target\":{\"@type\":\"EntryPoint\",\"urlTemplate\":\"https:\/\/www.lemasmarguerite.fr\/?s={search_term_string}\"},\"query-input\":{\"@type\":\"PropertyValueSpecification\",\"valueRequired\":true,\"valueName\":\"search_term_string\"}}],\"inLanguage\":\"fr-FR\"}]}<\/script>\n<!-- \/ Yoast SEO plugin. -->","yoast_head_json":{"title":"Privatisation &amp; \u00c9v\u00e8nement - Le Mas Marguerite","robots":{"index":"index","follow":"follow","max-snippet":"max-snippet:-1","max-image-preview":"max-image-preview:large","max-video-preview":"max-video-preview:-1"},"canonical":"https:\/\/www.lemasmarguerite.fr\/index.php\/privatisation-evenementielle\/","og_locale":"fr_FR","og_type":"article","og_title":"Privatisation &amp; \u00c9v\u00e8nement - Le Mas Marguerite","og_description":"PRIVATISATIONLe temps d\u2019un soir ou pour un week-end, profitez de notre mas proven\u00e7al pour organiser vos \u00e9v\u00e9nements : anniversaire, bapt\u00eame, mariage, baby shower, s\u00e9minaire...Un lieu unique \u00e0 salon de provenceUn havre de paixLe Mas Marguerite offre un lieu de calme et de s\u00e9r\u00e9nit\u00e9 a moins de 5 minutes du centre ville.un coin de natureLes jardins [&hellip;]","og_url":"https:\/\/www.lemasmarguerite.fr\/index.php\/privatisation-evenementielle\/","og_site_name":"Le Mas Marguerite","article_publisher":"https:\/\/www.facebook.com\/lemasmarguerite","article_modified_time":"2026-01-23T15:24:36+00:00","twitter_card":"summary_large_image","twitter_misc":{"Dur\u00e9e de lecture estim\u00e9e":"14 minutes"},"schema":{"@context":"https:\/\/schema.org","@graph":[{"@type":"WebPage","@id":"https:\/\/www.lemasmarguerite.fr\/index.php\/privatisation-evenementielle\/","url":"https:\/\/www.lemasmarguerite.fr\/index.php\/privatisation-evenementielle\/","name":"Privatisation &amp; \u00c9v\u00e8nement - Le Mas Marguerite","isPartOf":{"@id":"https:\/\/www.lemasmarguerite.fr\/#website"},"datePublished":"2024-07-09T17:01:59+00:00","dateModified":"2026-01-23T15:24:36+00:00","breadcrumb":{"@id":"https:\/\/www.lemasmarguerite.fr\/index.php\/privatisation-evenementielle\/#breadcrumb"},"inLanguage":"fr-FR","potentialAction":[{"@type":"ReadAction","target":["https:\/\/www.lemasmarguerite.fr\/index.php\/privatisation-evenementielle\/"]}]},{"@type":"BreadcrumbList","@id":"https:\/\/www.lemasmarguerite.fr\/index.php\/privatisation-evenementielle\/#breadcrumb","itemListElement":[{"@type":"ListItem","position":1,"name":"Accueil","item":"https:\/\/www.lemasmarguerite.fr\/"},{"@type":"ListItem","position":2,"name":"Privatisation &amp; \u00c9v\u00e8nement"}]},{"@type":"WebSite","@id":"https:\/\/www.lemasmarguerite.fr\/#website","url":"https:\/\/www.lemasmarguerite.fr\/","name":"Le Mas Marguerite","description":"","potentialAction":[{"@type":"SearchAction","target":{"@type":"EntryPoint","urlTemplate":"https:\/\/www.lemasmarguerite.fr\/?s={search_term_string}"},"query-input":{"@type":"PropertyValueSpecification","valueRequired":true,"valueName":"search_term_string"}}],"inLanguage":"fr-FR"}]}},"jetpack_sharing_enabled":true,"_links":{"self":[{"href":"https:\/\/www.lemasmarguerite.fr\/index.php\/wp-json\/wp\/v2\/pages\/42","targetHints":{"allow":["GET"]}}],"collection":[{"href":"https:\/\/www.lemasmarguerite.fr\/index.php\/wp-json\/wp\/v2\/pages"}],"about":[{"href":"https:\/\/www.lemasmarguerite.fr\/index.php\/wp-json\/wp\/v2\/types\/page"}],"author":[{"embeddable":true,"href":"https:\/\/www.lemasmarguerite.fr\/index.php\/wp-json\/wp\/v2\/users\/1"}],"replies":[{"embeddable":true,"href":"https:\/\/www.lemasmarguerite.fr\/index.php\/wp-json\/wp\/v2\/comments?post=42"}],"version-history":[{"count":38,"href":"https:\/\/www.lemasmarguerite.fr\/index.php\/wp-json\/wp\/v2\/pages\/42\/revisions"}],"predecessor-version":[{"id":934,"href":"https:\/\/www.lemasmarguerite.fr\/index.php\/wp-json\/wp\/v2\/pages\/42\/revisions\/934"}],"wp:attachment":[{"href":"https:\/\/www.lemasmarguerite.fr\/index.php\/wp-json\/wp\/v2\/media?parent=42"}],"curies":[{"name":"wp","href":"https:\/\/api.w.org\/{rel}","templated":true}]}}